{"id":16110,"date":"2019-02-25T16:16:40","date_gmt":"2019-02-25T15:16:40","guid":{"rendered":"https:\/\/www.msn.unipi.it\/?page_id=16110"},"modified":"2025-12-22T11:12:58","modified_gmt":"2025-12-22T10:12:58","slug":"benessere-e-inclusione","status":"publish","type":"page","link":"https:\/\/www.msn.unipi.it\/it\/benessere-e-inclusione\/","title":{"rendered":"Benessere e inclusione"},"content":{"rendered":"<p data-ccp-border-bottom=\"0px none #000000\" data-ccp-padding-bottom=\"0px\" data-ccp-border-between=\"0px none #000000\" data-ccp-padding-between=\"0px\"><span data-contrast=\"none\">Il Museo di Storia Naturale propone da anni percorsi destinati ai pubblici pi\u00f9 vari, attivit\u00e0 inserite in una visione di Museo inclusivo e volto ad ascoltare le diverse esigenze della comunit\u00e0<\/span><span data-contrast=\"auto\">.<\/span><span data-ccp-props=\"{&quot;335572071&quot;:0,&quot;335572072&quot;:0,&quot;335572073&quot;:4278190080,&quot;335572075&quot;:0,&quot;335572076&quot;:0,&quot;335572077&quot;:4278190080,&quot;335572079&quot;:0,&quot;335572080&quot;:0,&quot;335572081&quot;:4278190080,&quot;335572083&quot;:0,&quot;335572084&quot;:0,&quot;335572085&quot;:4278190080,&quot;335572087&quot;:0,&quot;335572088&quot;:0,&quot;335572089&quot;:4278190080,&quot;469789798&quot;:&quot;nil&quot;,&quot;469789802&quot;:&quot;nil&quot;,&quot;469789806&quot;:&quot;nil&quot;,&quot;469789810&quot;:&quot;nil&quot;,&quot;469789814&quot;:&quot;nil&quot;}\">\u00a0<\/span><\/p>\n<p data-ccp-border-bottom=\"0px none #000000\" data-ccp-padding-bottom=\"0px\" data-ccp-border-between=\"0px none #000000\" data-ccp-padding-between=\"0px\">Gli incontri e i percorsi proposti mirano a offrire nuove modalit\u00e0 di espressione e comunicazione, favorendo al tempo stesso la partecipazione attiva e il mantenimento delle persone coinvolte all\u2019interno delle reti di relazioni sociali e culturali.<\/p>\n<p data-ccp-border-bottom=\"0px none #000000\" data-ccp-padding-bottom=\"0px\" data-ccp-border-between=\"0px none #000000\" data-ccp-padding-between=\"0px\"><span data-contrast=\"none\">In linea con le indicazioni promosse negli ultimi anni da enti come ICOM i programmi di supporto e guida al Museo si propongono di mettere al centro le persone, offrendo un ventaglio di attivit\u00e0 gi\u00e0 strutturate e possibilit\u00e0 di progettarne di nuove che immaginano lo spazio museale e le sue esposizioni come strumenti di benessere e possibilit\u00e0 di inclusione.<\/span><span data-ccp-props=\"{&quot;335572071&quot;:0,&quot;335572072&quot;:0,&quot;335572073&quot;:4278190080,&quot;335572075&quot;:0,&quot;335572076&quot;:0,&quot;335572077&quot;:4278190080,&quot;335572079&quot;:0,&quot;335572080&quot;:0,&quot;335572081&quot;:4278190080,&quot;335572083&quot;:0,&quot;335572084&quot;:0,&quot;335572085&quot;:4278190080,&quot;335572087&quot;:0,&quot;335572088&quot;:0,&quot;335572089&quot;:4278190080,&quot;469789798&quot;:&quot;nil&quot;,&quot;469789802&quot;:&quot;nil&quot;,&quot;469789806&quot;:&quot;nil&quot;,&quot;469789810&quot;:&quot;nil&quot;,&quot;469789814&quot;:&quot;nil&quot;}\">\u00a0<\/span><\/p>\n<p data-ccp-border-bottom=\"0px none #000000\" data-ccp-padding-bottom=\"0px\" data-ccp-border-between=\"0px none #000000\" data-ccp-padding-between=\"0px\"><span data-contrast=\"auto\">Di seguito i link alle iniziative finora proposte:<\/span><span data-ccp-props=\"{&quot;335572071&quot;:0,&quot;335572072&quot;:0,&quot;335572073&quot;:4278190080,&quot;335572075&quot;:0,&quot;335572076&quot;:0,&quot;335572077&quot;:4278190080,&quot;335572079&quot;:0,&quot;335572080&quot;:0,&quot;335572081&quot;:4278190080,&quot;335572083&quot;:0,&quot;335572084&quot;:0,&quot;335572085&quot;:4278190080,&quot;335572087&quot;:0,&quot;335572088&quot;:0,&quot;335572089&quot;:4278190080,&quot;469789798&quot;:&quot;nil&quot;,&quot;469789802&quot;:&quot;nil&quot;,&quot;469789806&quot;:&quot;nil&quot;,&quot;469789810&quot;:&quot;nil&quot;,&quot;469789814&quot;:&quot;nil&quot;}\">\u00a0<\/span><\/p>\n<div class=\"blockpost clearfix\">\n<p><img loading=\"lazy\" decoding=\"async\" class=\"wp-image-17304 size-thumbnail alignnone\" src=\"https:\/\/www.msn.unipi.it\/wp-content\/uploads\/2019\/06\/La-Natura-tra-le-mani-quadrato-6-150x150.jpg\" alt=\"\" width=\"150\" height=\"150\" srcset=\"https:\/\/www.msn.unipi.it\/wp-content\/uploads\/2019\/06\/La-Natura-tra-le-mani-quadrato-6-150x150.jpg 150w, https:\/\/www.msn.unipi.it\/wp-content\/uploads\/2019\/06\/La-Natura-tra-le-mani-quadrato-6-450x450.jpg 450w, https:\/\/www.msn.unipi.it\/wp-content\/uploads\/2019\/06\/La-Natura-tra-le-mani-quadrato-6-768x768.jpg 768w, https:\/\/www.msn.unipi.it\/wp-content\/uploads\/2019\/06\/La-Natura-tra-le-mani-quadrato-6-800x800.jpg 800w, https:\/\/www.msn.unipi.it\/wp-content\/uploads\/2019\/06\/La-Natura-tra-le-mani-quadrato-6.jpg 2048w\" sizes=\"auto, (max-width: 150px) 100vw, 150px\" \/><\/p>\n<h4><a href=\"https:\/\/www.msn.unipi.it\/it\/benessere-e-inclusione\/progetto-alzheimer\/\">Museo per l&#8217;Alzheimer<\/a><\/h4>\n<p>Scopri di pi\u00f9<\/p>\n\n<\/div>\n<hr \/>\n<div class=\"blockpost clearfix\">\n<p><a href=\"https:\/\/www.msn.unipi.it\/wp-content\/uploads\/2025\/07\/per-tutti-e-per-ciascuno-q.jpg\" data-lbwps-width=\"2048\" data-lbwps-height=\"2048\" data-lbwps-srcsmall=\"https:\/\/www.msn.unipi.it\/wp-content\/uploads\/2025\/07\/per-tutti-e-per-ciascuno-q-450x450.jpg\"><img loading=\"lazy\" decoding=\"async\" class=\"alignleft wp-image-30964 size-thumbnail\" src=\"https:\/\/www.msn.unipi.it\/wp-content\/uploads\/2025\/07\/per-tutti-e-per-ciascuno-q-150x150.jpg\" alt=\"\" width=\"150\" height=\"150\" srcset=\"https:\/\/www.msn.unipi.it\/wp-content\/uploads\/2025\/07\/per-tutti-e-per-ciascuno-q-150x150.jpg 150w, https:\/\/www.msn.unipi.it\/wp-content\/uploads\/2025\/07\/per-tutti-e-per-ciascuno-q-450x450.jpg 450w, https:\/\/www.msn.unipi.it\/wp-content\/uploads\/2025\/07\/per-tutti-e-per-ciascuno-q-800x800.jpg 800w, https:\/\/www.msn.unipi.it\/wp-content\/uploads\/2025\/07\/per-tutti-e-per-ciascuno-q-768x768.jpg 768w, https:\/\/www.msn.unipi.it\/wp-content\/uploads\/2025\/07\/per-tutti-e-per-ciascuno-q-1536x1536.jpg 1536w, https:\/\/www.msn.unipi.it\/wp-content\/uploads\/2025\/07\/per-tutti-e-per-ciascuno-q.jpg 2048w\" sizes=\"auto, (max-width: 150px) 100vw, 150px\" \/><\/a><\/p>\n<h4><\/h4>\n<h4><\/h4>\n<h4><\/h4>\n<h4><\/h4>\n<h4><\/h4>\n<h4><\/h4>\n<h4><a href=\"https:\/\/www.msn.unipi.it\/it\/benessere-e-inclusione\/per-tutti-e-per-ciascuno\/\">Per tutti e per ciascuno<\/a><\/h4>\n<p>Scopri di pi\u00f9<\/p>\n\n<\/div>\n<hr \/>\n<div class=\"blockpost clearfix\">\n<p><img loading=\"lazy\" decoding=\"async\" class=\"wp-image-11616 size-thumbnail alignnone\" src=\"https:\/\/www.msn.unipi.it\/wp-content\/uploads\/2018\/06\/yoga-9-150x150.jpg\" alt=\"\" width=\"150\" height=\"150\" \/><\/p>\n<h4><a href=\"https:\/\/www.msn.unipi.it\/it\/educazione\/scuola\/archivio-benessere-e-inclusione\/\">Altri progetti<\/a><\/h4>\n<p>Scopri di pi\u00f9<\/p>\n\n<\/div>\n<hr \/>\n","protected":false},"excerpt":{"rendered":"<p>Il Museo di Storia Naturale propone da anni percorsi destinati ai pubblici pi\u00f9 vari, attivit\u00e0 inserite in una visione di Museo inclusivo e volto ad ascoltare le diverse esigenze della comunit\u00e0.\u00a0 Gli incontri e i percorsi proposti mirano a offrire nuove modalit\u00e0 di espressione e comunicazione, favorendo al tempo stesso la partecipazione attiva e il&nbsp; <a href=\"https:\/\/www.msn.unipi.it\/it\/benessere-e-inclusione\/\">&hellip;  <i class=\"fa fa-chevron-right\"><\/i><\/a><\/p>\n","protected":false},"author":8,"featured_media":7525,"parent":0,"menu_order":0,"comment_status":"closed","ping_status":"closed","template":"","meta":{"footnotes":""},"class_list":["post-16110","page","type-page","status-publish","has-post-thumbnail","hentry"],"yoast_head":"<!-- This site is optimized with the Yoast SEO plugin v26.8 - https:\/\/yoast.com\/product\/yoast-seo-wordpress\/ -->\n<title>Benessere e inclusione - Museo di Storia Naturale dell&#039;Universit\u00e0 di Pisa<\/title>\n<meta name=\"description\" content=\"Il Museo di Storia Naturale propone da anni percorsi destinati ai pubblici pi\u00f9 vari, attivit\u00e0 inserite in una visione di Museo inclusivo e volto ad\" \/>\n<meta name=\"robots\" content=\"index, follow, max-snippet:-1, max-image-preview:large, max-video-preview:-1\" \/>\n<link rel=\"canonical\" href=\"https:\/\/www.msn.unipi.it\/it\/benessere-e-inclusione\/\" \/>\n<meta property=\"og:locale\" content=\"it_IT\" \/>\n<meta property=\"og:type\" content=\"article\" \/>\n<meta property=\"og:title\" content=\"Benessere e inclusione - Museo di Storia Naturale dell&#039;Universit\u00e0 di Pisa\" \/>\n<meta property=\"og:description\" content=\"Il Museo di Storia Naturale propone da anni percorsi destinati ai pubblici pi\u00f9 vari, attivit\u00e0 inserite in una visione di Museo inclusivo e volto ad\" \/>\n<meta property=\"og:url\" content=\"https:\/\/www.msn.unipi.it\/it\/benessere-e-inclusione\/\" \/>\n<meta property=\"og:site_name\" content=\"Museo di Storia Naturale dell&#039;Universit\u00e0 di Pisa\" \/>\n<meta property=\"article:publisher\" content=\"https:\/\/www.facebook.com\/Museo-di-Storia-Naturale-Universit%c3%a0-di-Pisa-277794215612108\/\" \/>\n<meta property=\"article:modified_time\" content=\"2025-12-22T10:12:58+00:00\" \/>\n<meta property=\"og:image\" content=\"https:\/\/www.msn.unipi.it\/wp-content\/uploads\/2011\/04\/madreporaTG.jpg\" \/>\n\t<meta property=\"og:image:width\" content=\"2048\" \/>\n\t<meta property=\"og:image:height\" content=\"342\" \/>\n\t<meta property=\"og:image:type\" content=\"image\/jpeg\" \/>\n<meta name=\"twitter:card\" content=\"summary_large_image\" \/>\n<meta name=\"twitter:site\" content=\"@msncalci\" \/>\n<meta name=\"twitter:label1\" content=\"Tempo di lettura stimato\" \/>\n\t<meta name=\"twitter:data1\" content=\"2 minuti\" \/>\n<script type=\"application\/ld+json\" class=\"yoast-schema-graph\">{\"@context\":\"https:\/\/schema.org\",\"@graph\":[{\"@type\":\"WebPage\",\"@id\":\"https:\/\/www.msn.unipi.it\/it\/benessere-e-inclusione\/\",\"url\":\"https:\/\/www.msn.unipi.it\/it\/benessere-e-inclusione\/\",\"name\":\"Benessere e inclusione - Museo di Storia Naturale dell&#039;Universit\u00e0 di Pisa\",\"isPartOf\":{\"@id\":\"https:\/\/www.msn.unipi.it\/it\/#website\"},\"primaryImageOfPage\":{\"@id\":\"https:\/\/www.msn.unipi.it\/it\/benessere-e-inclusione\/#primaryimage\"},\"image\":{\"@id\":\"https:\/\/www.msn.unipi.it\/it\/benessere-e-inclusione\/#primaryimage\"},\"thumbnailUrl\":\"https:\/\/www.msn.unipi.it\/wp-content\/uploads\/2011\/04\/madreporaTG.jpg\",\"datePublished\":\"2019-02-25T15:16:40+00:00\",\"dateModified\":\"2025-12-22T10:12:58+00:00\",\"description\":\"Il Museo di Storia Naturale propone da anni percorsi destinati ai pubblici pi\u00f9 vari, attivit\u00e0 inserite in una visione di Museo inclusivo e volto ad\",\"breadcrumb\":{\"@id\":\"https:\/\/www.msn.unipi.it\/it\/benessere-e-inclusione\/#breadcrumb\"},\"inLanguage\":\"it-IT\",\"potentialAction\":[{\"@type\":\"ReadAction\",\"target\":[\"https:\/\/www.msn.unipi.it\/it\/benessere-e-inclusione\/\"]}]},{\"@type\":\"ImageObject\",\"inLanguage\":\"it-IT\",\"@id\":\"https:\/\/www.msn.unipi.it\/it\/benessere-e-inclusione\/#primaryimage\",\"url\":\"https:\/\/www.msn.unipi.it\/wp-content\/uploads\/2011\/04\/madreporaTG.jpg\",\"contentUrl\":\"https:\/\/www.msn.unipi.it\/wp-content\/uploads\/2011\/04\/madreporaTG.jpg\",\"width\":2048,\"height\":342},{\"@type\":\"BreadcrumbList\",\"@id\":\"https:\/\/www.msn.unipi.it\/it\/benessere-e-inclusione\/#breadcrumb\",\"itemListElement\":[{\"@type\":\"ListItem\",\"position\":1,\"name\":\"Home\",\"item\":\"https:\/\/www.msn.unipi.it\/it\/\"},{\"@type\":\"ListItem\",\"position\":2,\"name\":\"Benessere e inclusione\"}]},{\"@type\":\"WebSite\",\"@id\":\"https:\/\/www.msn.unipi.it\/it\/#website\",\"url\":\"https:\/\/www.msn.unipi.it\/it\/\",\"name\":\"Museo di Storia Naturale dell&#039;Universit\u00e0 di Pisa\",\"description\":\"\",\"publisher\":{\"@id\":\"https:\/\/www.msn.unipi.it\/it\/#organization\"},\"potentialAction\":[{\"@type\":\"SearchAction\",\"target\":{\"@type\":\"EntryPoint\",\"urlTemplate\":\"https:\/\/www.msn.unipi.it\/it\/?s={search_term_string}\"},\"query-input\":{\"@type\":\"PropertyValueSpecification\",\"valueRequired\":true,\"valueName\":\"search_term_string\"}}],\"inLanguage\":\"it-IT\"},{\"@type\":\"Organization\",\"@id\":\"https:\/\/www.msn.unipi.it\/it\/#organization\",\"name\":\"Museo di Storia Naturale dell'Universit\u00e0 di Pisa\",\"url\":\"https:\/\/www.msn.unipi.it\/it\/\",\"logo\":{\"@type\":\"ImageObject\",\"inLanguage\":\"it-IT\",\"@id\":\"https:\/\/www.msn.unipi.it\/it\/#\/schema\/logo\/image\/\",\"url\":\"https:\/\/www.msn.unipi.it\/wp-content\/uploads\/2016\/07\/footer-logo.png\",\"contentUrl\":\"https:\/\/www.msn.unipi.it\/wp-content\/uploads\/2016\/07\/footer-logo.png\",\"width\":220,\"height\":95,\"caption\":\"Museo di Storia Naturale dell'Universit\u00e0 di Pisa\"},\"image\":{\"@id\":\"https:\/\/www.msn.unipi.it\/it\/#\/schema\/logo\/image\/\"},\"sameAs\":[\"https:\/\/www.facebook.com\/Museo-di-Storia-Naturale-Universit\u00e0-di-Pisa-277794215612108\/\",\"https:\/\/x.com\/msncalci\",\"https:\/\/www.instagram.com\/museostorianaturale_calci\/\",\"https:\/\/www.youtube.com\/channel\/UCDaMBe_RegmdCnxLPmryMxw\"]}]}<\/script>\n<!-- \/ Yoast SEO plugin. -->","yoast_head_json":{"title":"Benessere e inclusione - Museo di Storia Naturale dell&#039;Universit\u00e0 di Pisa","description":"Il Museo di Storia Naturale propone da anni percorsi destinati ai pubblici pi\u00f9 vari, attivit\u00e0 inserite in una visione di Museo inclusivo e volto ad","robots":{"index":"index","follow":"follow","max-snippet":"max-snippet:-1","max-image-preview":"max-image-preview:large","max-video-preview":"max-video-preview:-1"},"canonical":"https:\/\/www.msn.unipi.it\/it\/benessere-e-inclusione\/","og_locale":"it_IT","og_type":"article","og_title":"Benessere e inclusione - Museo di Storia Naturale dell&#039;Universit\u00e0 di Pisa","og_description":"Il Museo di Storia Naturale propone da anni percorsi destinati ai pubblici pi\u00f9 vari, attivit\u00e0 inserite in una visione di Museo inclusivo e volto ad","og_url":"https:\/\/www.msn.unipi.it\/it\/benessere-e-inclusione\/","og_site_name":"Museo di Storia Naturale dell&#039;Universit\u00e0 di Pisa","article_publisher":"https:\/\/www.facebook.com\/Museo-di-Storia-Naturale-Universit%c3%a0-di-Pisa-277794215612108\/","article_modified_time":"2025-12-22T10:12:58+00:00","og_image":[{"width":2048,"height":342,"url":"https:\/\/www.msn.unipi.it\/wp-content\/uploads\/2011\/04\/madreporaTG.jpg","type":"image\/jpeg"}],"twitter_card":"summary_large_image","twitter_site":"@msncalci","twitter_misc":{"Tempo di lettura stimato":"2 minuti"},"schema":{"@context":"https:\/\/schema.org","@graph":[{"@type":"WebPage","@id":"https:\/\/www.msn.unipi.it\/it\/benessere-e-inclusione\/","url":"https:\/\/www.msn.unipi.it\/it\/benessere-e-inclusione\/","name":"Benessere e inclusione - Museo di Storia Naturale dell&#039;Universit\u00e0 di Pisa","isPartOf":{"@id":"https:\/\/www.msn.unipi.it\/it\/#website"},"primaryImageOfPage":{"@id":"https:\/\/www.msn.unipi.it\/it\/benessere-e-inclusione\/#primaryimage"},"image":{"@id":"https:\/\/www.msn.unipi.it\/it\/benessere-e-inclusione\/#primaryimage"},"thumbnailUrl":"https:\/\/www.msn.unipi.it\/wp-content\/uploads\/2011\/04\/madreporaTG.jpg","datePublished":"2019-02-25T15:16:40+00:00","dateModified":"2025-12-22T10:12:58+00:00","description":"Il Museo di Storia Naturale propone da anni percorsi destinati ai pubblici pi\u00f9 vari, attivit\u00e0 inserite in una visione di Museo inclusivo e volto ad","breadcrumb":{"@id":"https:\/\/www.msn.unipi.it\/it\/benessere-e-inclusione\/#breadcrumb"},"inLanguage":"it-IT","potentialAction":[{"@type":"ReadAction","target":["https:\/\/www.msn.unipi.it\/it\/benessere-e-inclusione\/"]}]},{"@type":"ImageObject","inLanguage":"it-IT","@id":"https:\/\/www.msn.unipi.it\/it\/benessere-e-inclusione\/#primaryimage","url":"https:\/\/www.msn.unipi.it\/wp-content\/uploads\/2011\/04\/madreporaTG.jpg","contentUrl":"https:\/\/www.msn.unipi.it\/wp-content\/uploads\/2011\/04\/madreporaTG.jpg","width":2048,"height":342},{"@type":"BreadcrumbList","@id":"https:\/\/www.msn.unipi.it\/it\/benessere-e-inclusione\/#breadcrumb","itemListElement":[{"@type":"ListItem","position":1,"name":"Home","item":"https:\/\/www.msn.unipi.it\/it\/"},{"@type":"ListItem","position":2,"name":"Benessere e inclusione"}]},{"@type":"WebSite","@id":"https:\/\/www.msn.unipi.it\/it\/#website","url":"https:\/\/www.msn.unipi.it\/it\/","name":"Museo di Storia Naturale dell&#039;Universit\u00e0 di Pisa","description":"","publisher":{"@id":"https:\/\/www.msn.unipi.it\/it\/#organization"},"potentialAction":[{"@type":"SearchAction","target":{"@type":"EntryPoint","urlTemplate":"https:\/\/www.msn.unipi.it\/it\/?s={search_term_string}"},"query-input":{"@type":"PropertyValueSpecification","valueRequired":true,"valueName":"search_term_string"}}],"inLanguage":"it-IT"},{"@type":"Organization","@id":"https:\/\/www.msn.unipi.it\/it\/#organization","name":"Museo di Storia Naturale dell'Universit\u00e0 di Pisa","url":"https:\/\/www.msn.unipi.it\/it\/","logo":{"@type":"ImageObject","inLanguage":"it-IT","@id":"https:\/\/www.msn.unipi.it\/it\/#\/schema\/logo\/image\/","url":"https:\/\/www.msn.unipi.it\/wp-content\/uploads\/2016\/07\/footer-logo.png","contentUrl":"https:\/\/www.msn.unipi.it\/wp-content\/uploads\/2016\/07\/footer-logo.png","width":220,"height":95,"caption":"Museo di Storia Naturale dell'Universit\u00e0 di Pisa"},"image":{"@id":"https:\/\/www.msn.unipi.it\/it\/#\/schema\/logo\/image\/"},"sameAs":["https:\/\/www.facebook.com\/Museo-di-Storia-Naturale-Universit\u00e0-di-Pisa-277794215612108\/","https:\/\/x.com\/msncalci","https:\/\/www.instagram.com\/museostorianaturale_calci\/","https:\/\/www.youtube.com\/channel\/UCDaMBe_RegmdCnxLPmryMxw"]}]}},"jetpack_sharing_enabled":true,"_links":{"self":[{"href":"https:\/\/www.msn.unipi.it\/it\/wp-json\/wp\/v2\/pages\/16110","targetHints":{"allow":["GET"]}}],"collection":[{"href":"https:\/\/www.msn.unipi.it\/it\/wp-json\/wp\/v2\/pages"}],"about":[{"href":"https:\/\/www.msn.unipi.it\/it\/wp-json\/wp\/v2\/types\/page"}],"author":[{"embeddable":true,"href":"https:\/\/www.msn.unipi.it\/it\/wp-json\/wp\/v2\/users\/8"}],"replies":[{"embeddable":true,"href":"https:\/\/www.msn.unipi.it\/it\/wp-json\/wp\/v2\/comments?post=16110"}],"version-history":[{"count":11,"href":"https:\/\/www.msn.unipi.it\/it\/wp-json\/wp\/v2\/pages\/16110\/revisions"}],"predecessor-version":[{"id":31726,"href":"https:\/\/www.msn.unipi.it\/it\/wp-json\/wp\/v2\/pages\/16110\/revisions\/31726"}],"wp:featuredmedia":[{"embeddable":true,"href":"https:\/\/www.msn.unipi.it\/it\/wp-json\/wp\/v2\/media\/7525"}],"wp:attachment":[{"href":"https:\/\/www.msn.unipi.it\/it\/wp-json\/wp\/v2\/media?parent=16110"}],"curies":[{"name":"wp","href":"https:\/\/api.w.org\/{rel}","templated":true}]}}