{"id":16149,"date":"2019-02-25T16:22:24","date_gmt":"2019-02-25T15:22:24","guid":{"rendered":"https:\/\/www.msn.unipi.it\/?page_id=16149"},"modified":"2025-07-24T14:11:10","modified_gmt":"2025-07-24T12:11:10","slug":"star-bene-al-museo","status":"publish","type":"page","link":"https:\/\/www.msn.unipi.it\/it\/benessere-e-inclusione\/star-bene-al-museo\/","title":{"rendered":"Star bene al museo"},"content":{"rendered":"<p>Star bene al Museo \u00e8 stata una esperienza che si \u00e8 svolta al Museo nel 2019 e ha coinvolto i partecipanti in una serie di <strong>pratiche partecipative<\/strong>, con lo scopo di <strong>creare una dimensione di pace e armonia nelle suggestive gallerie del Museo<\/strong> di Storia Naturale. L\u2019essere umano \u00e8 da sempre alla ricerca di un dialogo armonico con se stesso: il Museo di Storia Naturale \u00e8 l\u2019ambiente ideale per ricreare le connessioni perdute con l\u2019ambiente circostante e ripristinare quel legame arcaico e indissolubile tra Uomo e Natura.<\/p>\n<p>Programma degli incontri:<\/p>\n<p><span class=\"lightviolet\"><strong>23 MAGGIO 2019 &#8211; YOGA, ANNALISA DE LISO \u2013 Galleria dei cetacei<br \/>\nL\u2019ELEMENTO TERRA<br \/>\n<\/strong><span style=\"color: #000000;\">Antica arte di conoscenza e benessere, lo Yoga parte dal corpo per arrivare alla psiche ed alla mente, rilassando le tensioni, aprendo nuove possibilit\u00e0 di azione. Esploreremo le diverse sfumature collegate alle parti del corpo ed alla loro connessione energetica. L\u2019elemento Terra \u00e8 collegato al I\u00b0 Chakra ed alla tematica del radicamento; con semplici esercizi di allungamento e scioglimento articolare, volti a ripristinare lo stato di benessere del corpo, ritroveremo stabilit\u00e0 e connessione.<\/span><\/span><\/p>\n<p><strong><span class=\"lightviolet\">28 MAGGIO 2019 \u2013 SHIATSU, MONJA DA RIVA &#8211; Galleria dei primati<br \/>\nRICONOSCERSI E PRENDERSI CURA<br \/>\n<\/span><\/strong>Praticheremo il do-in: una pratica di self shiatsu che riattiva l&#8217;energia del corpo. Inizieremo con un autotrattamento, con il quale prenderemo maggiore consapevolezza del nostro corpo e della nostra sensibilit\u00e0: ci sar\u00e0 utile nel breve lavoro in coppia che concluder\u00e0 la parte pratica. Nella fase di restituzione finale ci confronteremo sulle sensazioni ed emozioni provate durante l&#8217;incontro.<\/p>\n<p><span class=\"lightviolet\"><strong>5 GIUGNO \u2013 MINDFULNESS, ALESSANDRA POLLINA E LUCA ROSSI \u2013 Galleria dei cetacei<br \/>\n<\/strong><strong>PERCHE\u2019 LE ZEBRE NON SI AMMALANO DI ULCERA<br \/>\n<\/strong><\/span>Mindfulness \u00e8 la consapevolezza che sorge dal portare attenzione intenzionalmente al momento presente in modo non giudicante, attraverso una modalit\u00e0 non reattiva, lucida e aperta di relazionarsi con l\u2019esperienza. Questa consapevolezza pu\u00f2 essere coltivata e sviluppata attraverso metodi e pratiche che si sono dimostrate molto utili per gestire e ridurre lo stress. I primi fondamenti della pratica della Mindfulness, semplici esercizi basati sulla consapevolezza del corpo e del respiro.<\/p>\n<p><span class=\"lightviolet\"><strong>20 GIUGNO 2019 \u2013 YOGA, ANNALISA DE LISO &#8211; Galleria dei cetacei<br \/>\n<\/strong><strong>L\u2019ELEMENTO ACQUA<br \/>\n<\/strong><\/span>Antica arte di conoscenza e benessere, lo Yoga parte dal corpo per arrivare alla psiche ed alla mente, rilassando le tensioni, aprendo nuove possibilit\u00e0 di azione. Esploreremo le diverse sfumature collegate alle parti del corpo ed alla loro connessione energetica.<br \/>\nL&#8217;elemento Acqua, collegato al II\u00b0 Chakra, alla fluidit\u00e0 ed all&#8217;adattamento, ci permetter\u00e0, con semplici esercizi di allungamento e scioglimento articolare, di ripristinare lo stato di benessere del corpo, ritrovando la sua naturale morbidezza.<\/p>\n<p><strong><span class=\"lightviolet\">11 SETTEMBRE 2019 &#8211; SCRITTURA CREATIVA, SIMONA GENOVALI \u2013 Galleria storica<br \/>\nSCRIVERE PER STARE BENE \u2013 PARTE I<br \/>\n<\/span><\/strong>Fin da piccoli siamo abituati a trovare conforto nella scrittura dei diari personali. La scrittura ci accompagna nella nostra crescita personale e permette di creare un \u201cponte\u201d con l\u2019ambiente circostante e le esperienze che viviamo.<br \/>\nDurante il laboratorio verranno fornite le indicazioni pratiche e teoriche per imparare a raccontare il nostro vissuto e a \u201cscrivere per stare bene\u201d.<\/p>\n<p><strong><span class=\"lightviolet\">18 SETTEMBRE 2019 &#8211; ALESSANDRA POLLINA MINDFULNESS \u2013 Galleria dei cetacei<br \/>\nPERCHE\u2019 LE ZEBRE NON SI AMMALANO DI ULCERA<br \/>\n<\/span><\/strong>Mindfulness \u00e8 la consapevolezza che sorge dal portare attenzione intenzionalmente al momento presente in modo non giudicante, attraverso una modalit\u00e0 non reattiva, lucida e aperta di relazionarsi con l\u2019esperienza. Questa consapevolezza pu\u00f2 essere coltivata e sviluppata attraverso metodi e pratiche che si sono dimostrate molto utili per gestire e ridurre lo stress. In questo Laboratorio i partecipanti potranno sperimentare, attraverso alcuni semplici esercizi, i primi fondamenti della pratica della Mindfulness, basati sulla consapevolezza del corpo e del respiro.<\/p>\n<p><strong><span class=\"lightviolet\">25 SETTEMBRE 2019 \u2013 SCRITTURA CREATIVA, SIMONA GENOVALI \u2013 Galleria storica<br \/>\nSCRIVERE PER STAR BENE \u2013 PARTE II<br \/>\n<\/span><\/strong>La scrittura creativa \u00e8 un vero e proprio viaggio esplorativo alla scoperta dei personaggi e delle infinite trame che possono essere create.<br \/>\nCon questa esperienza impareremo le varie tecniche narrative, confrontandosi con i propri limiti, ponendosi in ascolto, per riscoprire il piacere della lettura e mettersi alla prova come \u201cscrittore\u201d.<\/p>\n<p><strong><span class=\"lightviolet\">3 OTTOBRE 2019 &#8211; YOGA, ANNALISA DE LISO \u2013 Galleria dei cetacei<br \/>\nL\u2019ELEMENTO FUOCO<br \/>\n<\/span><\/strong>Antica arte di conoscenza e benessere, lo Yoga parte dal corpo per arrivare alla psiche ed alla mente, rilassando le tensioni, aprendo nuove possibilit\u00e0 di azione. Esploreremo le diverse sfumature collegate alle parti del corpo ed alla loro connessione energetica.<br \/>\nL\u2019elemento fuoco, III\u00b0 Chakra, forza e potere, porta energia e potenza con semplici esercizi di allungamento e scioglimento articolare, volti a ripristinare lo stato naturale di spontaneit\u00e0 e forza nel movimento del corpo.<\/p>\n<p><strong><span class=\"lightviolet\">9 OTTOBRE 2019 &#8211; SHIATSU, MONJA DA RIVA Galleria dei minerali<br \/>\nRICONOSCERSI E PRENDERSI CURA: L\u2019ASCOLTO<br \/>\n<\/span><\/strong>In questo incontro praticheremo la sequenza base di stretching dei meridiani ideata da S. Masunaga. Si tratta di esercizi piacevoli e adatti a tutti, noi li eseguiremo con lo scopo di aumentare la consapevolezza e la percezione del nostro corpo. Il lavoro continuer\u00e0 con una pratica tipica dei trattamenti shiatsu: stiramenti graduali e delicati da eseguire in coppia e in ascolto e rispetto di s\u00e9 e dell&#8217;altro. Concluderemo l&#8217;incontro con una restituzione finale in gruppo.<\/p>\n<p><strong><span class=\"lightviolet\">17 OTTOBRE 2019 \u2013 YOGA, ANNALISA DE LISO \u2013 Galleria dei cetacei<br \/>\n<\/span><\/strong><strong><span class=\"lightviolet\">L\u2019ELEMENTO ARIA<br \/>\n<\/span><\/strong>Antica arte di conoscenza e benessere, lo Yoga parte dal corpo per arrivare alla psiche ed alla mente, rilassando le tensioni, aprendo nuove possibilit\u00e0 di azione. Esploriamo le diverse sfumature collegate alle parti del corpo ed alla loro connessione energetica.<br \/>\nL\u2019elemento Aria collegato al IV\u00b0 Chakra, all\u2019apertura, la leggerezza e l\u2019espansione, permette con semplici esercizi di allungamento e scioglimento articolare di rendere pi\u00f9 aperto e spontaneo il movimento, portando leggerezza e fluidit\u00e0.<\/p>\n<p><span class=\"lightviolet\"><strong>23 OTTOBRE 2019 &#8211; SHIATSU, MONJA DA RIVA \u2013 Galleria dei minerali<br \/>\n<\/strong><strong>RICONOSCERSI E PRENDERSI CURA: IL CONTATTO<br \/>\n<\/strong><\/span>In questo incontro porteremo l&#8217;attenzione al riconoscimento di s\u00e9 attraverso l&#8217;altro. La pratica si comporr\u00e0 di esercizi individuali di attivazione del senso del tatto e della percezione del proprio corpo in relazione all&#8217;ambiente esterno, per continuare poi con una breve pratica di shiatsu in coppia, da eseguire sempre in ascolto di s\u00e9 e dell&#8217;altro. L&#8217;incontro si concluder\u00e0 con una restituzione finale in gruppo.<\/p>\n<p>&nbsp;<\/p>\n<p>MONJA DA RIVA, operatrice shiatsu APOS e counsellor professionista CNCP. Applica il counselling shiatsu e il self shiatsu in percorsi di trasformazione di tensioni e stress in occasioni di cambiamento concreto e crescita.<\/p>\n<p>ANNALISA DE LISO, Presidente della associazione Studio Yoga Sadhana dal 1994, insegnante di Yoga dal 1988, si perfeziona con il Maestro Carlos Fiel del Sadhana International. Laureata in Biologia a Pisa nel 1991, si forma come Operatrice Shiatsu Masunaga nel 2005 con la Scuola di Zen Shiatsu, come Master in Programmazione Neurolinguistica con l&#8217;Istituto di PNL di Bologna nel 2004. Pratica e studia le filosofie orientali dal 1985.<\/p>\n<p>SIMONA GENOVALI, counsellor professionista CNCP e blogger. Gestisce il blog Destinazione Toscana dedicato agli itinerari e vacanze in Toscana. Tiene laboratori di scrittura creativa per adulti e bambini.<\/p>\n<p>ALESSANDRA POLLINA, insegnante e formatrice di Mindfulness e protocolli MBSR, certificata dal Center for Mindfulness Universit\u00e0 del Massachusetts, insegnante di Mindful Eating e Mindful Schools, Coach e Master in PNL e Counseling.<br \/>\nLUCA ROSSI, insegnante di Mindfulness e protocolli MBSR, Mindfulness Counselor, praticante e studioso di meditazione di consapevolezza.<\/p>\n<p>Per il Museo di Storia Naturale:<\/p>\n<p>Ideazione, organizzazione e coordinamento ANGELA DINI e ROSA BAVIELLO<\/p>\n<p>ANGELA DINI, Responsabile dell\u2019Area Educativa del Museo, Pedagogista, Esperta dei processi di formazione, Counsellor professionista.<\/p>\n<p>ROSA BAVIELLO, collaboratrice dell\u2019Area Educativa del Museo, operatrice olistica.<\/p>\n<p>&nbsp;<\/p>\n<p><a href=\"https:\/\/www.msn.unipi.it\/wp-content\/uploads\/2019\/05\/Programma-Star-bene-al-Museo-1.pdf\"><strong>SCARICA IL PROGRAMMA COMPLETO DEGLI INCONTRI<\/strong><\/a><\/p>\n<p>&nbsp;<\/p>\n<p><a href=\"https:\/\/www.msn.unipi.it\/wp-content\/uploads\/2019\/05\/locandina-Star-bene-al-Museo-2019.jpg\" data-lbwps-width=\"1536\" data-lbwps-height=\"2048\" data-lbwps-srcsmall=\"https:\/\/www.msn.unipi.it\/wp-content\/uploads\/2019\/05\/locandina-Star-bene-al-Museo-2019-338x450.jpg\"><img loading=\"lazy\" decoding=\"async\" class=\"aligncenter size-medium wp-image-16773\" src=\"https:\/\/www.msn.unipi.it\/wp-content\/uploads\/2019\/05\/locandina-Star-bene-al-Museo-2019-338x450.jpg\" alt=\"\" width=\"338\" height=\"450\" srcset=\"https:\/\/www.msn.unipi.it\/wp-content\/uploads\/2019\/05\/locandina-Star-bene-al-Museo-2019-338x450.jpg 338w, https:\/\/www.msn.unipi.it\/wp-content\/uploads\/2019\/05\/locandina-Star-bene-al-Museo-2019-768x1024.jpg 768w, https:\/\/www.msn.unipi.it\/wp-content\/uploads\/2019\/05\/locandina-Star-bene-al-Museo-2019-600x800.jpg 600w, https:\/\/www.msn.unipi.it\/wp-content\/uploads\/2019\/05\/locandina-Star-bene-al-Museo-2019.jpg 1536w\" sizes=\"auto, (max-width: 338px) 100vw, 338px\" \/><\/a><\/p>\n","protected":false},"excerpt":{"rendered":"<p>Star bene al Museo \u00e8 stata una esperienza che si \u00e8 svolta al Museo nel 2019 e ha coinvolto i partecipanti in una serie di pratiche partecipative, con lo scopo di creare una dimensione di pace e armonia nelle suggestive gallerie del Museo di Storia Naturale. L\u2019essere umano \u00e8 da sempre alla ricerca di un&nbsp; <a href=\"https:\/\/www.msn.unipi.it\/it\/benessere-e-inclusione\/star-bene-al-museo\/\">&hellip;  <i class=\"fa fa-chevron-right\"><\/i><\/a><\/p>\n","protected":false},"author":8,"featured_media":7525,"parent":16110,"menu_order":0,"comment_status":"closed","ping_status":"closed","template":"","meta":{"footnotes":""},"class_list":["post-16149","page","type-page","status-publish","has-post-thumbnail","hentry"],"yoast_head":"<!-- This site is optimized with the Yoast SEO plugin v26.8 - https:\/\/yoast.com\/product\/yoast-seo-wordpress\/ -->\n<title>Star bene al museo - Museo di Storia Naturale dell&#039;Universit\u00e0 di Pisa<\/title>\n<meta name=\"description\" content=\"Star bene al Museo \u00e8 stata una esperienza che si \u00e8 svolta al Museo nel 2019 e ha coinvolto i partecipanti in una serie di pratiche partecipative, con lo\" \/>\n<meta name=\"robots\" content=\"index, follow, max-snippet:-1, max-image-preview:large, max-video-preview:-1\" \/>\n<link rel=\"canonical\" href=\"https:\/\/www.msn.unipi.it\/it\/benessere-e-inclusione\/star-bene-al-museo\/\" \/>\n<meta property=\"og:locale\" content=\"it_IT\" \/>\n<meta property=\"og:type\" content=\"article\" \/>\n<meta property=\"og:title\" content=\"Star bene al museo - Museo di Storia Naturale dell&#039;Universit\u00e0 di Pisa\" \/>\n<meta property=\"og:description\" content=\"Star bene al Museo \u00e8 stata una esperienza che si \u00e8 svolta al Museo nel 2019 e ha coinvolto i partecipanti in una serie di pratiche partecipative, con lo\" \/>\n<meta property=\"og:url\" content=\"https:\/\/www.msn.unipi.it\/it\/benessere-e-inclusione\/star-bene-al-museo\/\" \/>\n<meta property=\"og:site_name\" content=\"Museo di Storia Naturale dell&#039;Universit\u00e0 di Pisa\" \/>\n<meta property=\"article:publisher\" content=\"https:\/\/www.facebook.com\/Museo-di-Storia-Naturale-Universit%c3%a0-di-Pisa-277794215612108\/\" \/>\n<meta property=\"article:modified_time\" content=\"2025-07-24T12:11:10+00:00\" \/>\n<meta property=\"og:image\" content=\"https:\/\/www.msn.unipi.it\/wp-content\/uploads\/2011\/04\/madreporaTG.jpg\" \/>\n\t<meta property=\"og:image:width\" content=\"2048\" \/>\n\t<meta property=\"og:image:height\" content=\"342\" \/>\n\t<meta property=\"og:image:type\" content=\"image\/jpeg\" \/>\n<meta name=\"twitter:card\" content=\"summary_large_image\" \/>\n<meta name=\"twitter:site\" content=\"@msncalci\" \/>\n<meta name=\"twitter:label1\" content=\"Tempo di lettura stimato\" \/>\n\t<meta name=\"twitter:data1\" content=\"7 minuti\" \/>\n<script type=\"application\/ld+json\" class=\"yoast-schema-graph\">{\"@context\":\"https:\/\/schema.org\",\"@graph\":[{\"@type\":\"WebPage\",\"@id\":\"https:\/\/www.msn.unipi.it\/it\/benessere-e-inclusione\/star-bene-al-museo\/\",\"url\":\"https:\/\/www.msn.unipi.it\/it\/benessere-e-inclusione\/star-bene-al-museo\/\",\"name\":\"Star bene al museo - Museo di Storia Naturale dell&#039;Universit\u00e0 di Pisa\",\"isPartOf\":{\"@id\":\"https:\/\/www.msn.unipi.it\/it\/#website\"},\"primaryImageOfPage\":{\"@id\":\"https:\/\/www.msn.unipi.it\/it\/benessere-e-inclusione\/star-bene-al-museo\/#primaryimage\"},\"image\":{\"@id\":\"https:\/\/www.msn.unipi.it\/it\/benessere-e-inclusione\/star-bene-al-museo\/#primaryimage\"},\"thumbnailUrl\":\"https:\/\/www.msn.unipi.it\/wp-content\/uploads\/2011\/04\/madreporaTG.jpg\",\"datePublished\":\"2019-02-25T15:22:24+00:00\",\"dateModified\":\"2025-07-24T12:11:10+00:00\",\"description\":\"Star bene al Museo \u00e8 stata una esperienza che si \u00e8 svolta al Museo nel 2019 e ha coinvolto i partecipanti in una serie di pratiche partecipative, con lo\",\"breadcrumb\":{\"@id\":\"https:\/\/www.msn.unipi.it\/it\/benessere-e-inclusione\/star-bene-al-museo\/#breadcrumb\"},\"inLanguage\":\"it-IT\",\"potentialAction\":[{\"@type\":\"ReadAction\",\"target\":[\"https:\/\/www.msn.unipi.it\/it\/benessere-e-inclusione\/star-bene-al-museo\/\"]}]},{\"@type\":\"ImageObject\",\"inLanguage\":\"it-IT\",\"@id\":\"https:\/\/www.msn.unipi.it\/it\/benessere-e-inclusione\/star-bene-al-museo\/#primaryimage\",\"url\":\"https:\/\/www.msn.unipi.it\/wp-content\/uploads\/2011\/04\/madreporaTG.jpg\",\"contentUrl\":\"https:\/\/www.msn.unipi.it\/wp-content\/uploads\/2011\/04\/madreporaTG.jpg\",\"width\":2048,\"height\":342},{\"@type\":\"BreadcrumbList\",\"@id\":\"https:\/\/www.msn.unipi.it\/it\/benessere-e-inclusione\/star-bene-al-museo\/#breadcrumb\",\"itemListElement\":[{\"@type\":\"ListItem\",\"position\":1,\"name\":\"Home\",\"item\":\"https:\/\/www.msn.unipi.it\/it\/\"},{\"@type\":\"ListItem\",\"position\":2,\"name\":\"Benessere e inclusione\",\"item\":\"https:\/\/www.msn.unipi.it\/it\/benessere-e-inclusione\/\"},{\"@type\":\"ListItem\",\"position\":3,\"name\":\"Star bene al museo\"}]},{\"@type\":\"WebSite\",\"@id\":\"https:\/\/www.msn.unipi.it\/it\/#website\",\"url\":\"https:\/\/www.msn.unipi.it\/it\/\",\"name\":\"Museo di Storia Naturale dell&#039;Universit\u00e0 di Pisa\",\"description\":\"\",\"publisher\":{\"@id\":\"https:\/\/www.msn.unipi.it\/it\/#organization\"},\"potentialAction\":[{\"@type\":\"SearchAction\",\"target\":{\"@type\":\"EntryPoint\",\"urlTemplate\":\"https:\/\/www.msn.unipi.it\/it\/?s={search_term_string}\"},\"query-input\":{\"@type\":\"PropertyValueSpecification\",\"valueRequired\":true,\"valueName\":\"search_term_string\"}}],\"inLanguage\":\"it-IT\"},{\"@type\":\"Organization\",\"@id\":\"https:\/\/www.msn.unipi.it\/it\/#organization\",\"name\":\"Museo di Storia Naturale dell'Universit\u00e0 di Pisa\",\"url\":\"https:\/\/www.msn.unipi.it\/it\/\",\"logo\":{\"@type\":\"ImageObject\",\"inLanguage\":\"it-IT\",\"@id\":\"https:\/\/www.msn.unipi.it\/it\/#\/schema\/logo\/image\/\",\"url\":\"https:\/\/www.msn.unipi.it\/wp-content\/uploads\/2016\/07\/footer-logo.png\",\"contentUrl\":\"https:\/\/www.msn.unipi.it\/wp-content\/uploads\/2016\/07\/footer-logo.png\",\"width\":220,\"height\":95,\"caption\":\"Museo di Storia Naturale dell'Universit\u00e0 di Pisa\"},\"image\":{\"@id\":\"https:\/\/www.msn.unipi.it\/it\/#\/schema\/logo\/image\/\"},\"sameAs\":[\"https:\/\/www.facebook.com\/Museo-di-Storia-Naturale-Universit\u00e0-di-Pisa-277794215612108\/\",\"https:\/\/x.com\/msncalci\",\"https:\/\/www.instagram.com\/museostorianaturale_calci\/\",\"https:\/\/www.youtube.com\/channel\/UCDaMBe_RegmdCnxLPmryMxw\"]}]}<\/script>\n<!-- \/ Yoast SEO plugin. -->","yoast_head_json":{"title":"Star bene al museo - Museo di Storia Naturale dell&#039;Universit\u00e0 di Pisa","description":"Star bene al Museo \u00e8 stata una esperienza che si \u00e8 svolta al Museo nel 2019 e ha coinvolto i partecipanti in una serie di pratiche partecipative, con lo","robots":{"index":"index","follow":"follow","max-snippet":"max-snippet:-1","max-image-preview":"max-image-preview:large","max-video-preview":"max-video-preview:-1"},"canonical":"https:\/\/www.msn.unipi.it\/it\/benessere-e-inclusione\/star-bene-al-museo\/","og_locale":"it_IT","og_type":"article","og_title":"Star bene al museo - Museo di Storia Naturale dell&#039;Universit\u00e0 di Pisa","og_description":"Star bene al Museo \u00e8 stata una esperienza che si \u00e8 svolta al Museo nel 2019 e ha coinvolto i partecipanti in una serie di pratiche partecipative, con lo","og_url":"https:\/\/www.msn.unipi.it\/it\/benessere-e-inclusione\/star-bene-al-museo\/","og_site_name":"Museo di Storia Naturale dell&#039;Universit\u00e0 di Pisa","article_publisher":"https:\/\/www.facebook.com\/Museo-di-Storia-Naturale-Universit%c3%a0-di-Pisa-277794215612108\/","article_modified_time":"2025-07-24T12:11:10+00:00","og_image":[{"width":2048,"height":342,"url":"https:\/\/www.msn.unipi.it\/wp-content\/uploads\/2011\/04\/madreporaTG.jpg","type":"image\/jpeg"}],"twitter_card":"summary_large_image","twitter_site":"@msncalci","twitter_misc":{"Tempo di lettura stimato":"7 minuti"},"schema":{"@context":"https:\/\/schema.org","@graph":[{"@type":"WebPage","@id":"https:\/\/www.msn.unipi.it\/it\/benessere-e-inclusione\/star-bene-al-museo\/","url":"https:\/\/www.msn.unipi.it\/it\/benessere-e-inclusione\/star-bene-al-museo\/","name":"Star bene al museo - Museo di Storia Naturale dell&#039;Universit\u00e0 di Pisa","isPartOf":{"@id":"https:\/\/www.msn.unipi.it\/it\/#website"},"primaryImageOfPage":{"@id":"https:\/\/www.msn.unipi.it\/it\/benessere-e-inclusione\/star-bene-al-museo\/#primaryimage"},"image":{"@id":"https:\/\/www.msn.unipi.it\/it\/benessere-e-inclusione\/star-bene-al-museo\/#primaryimage"},"thumbnailUrl":"https:\/\/www.msn.unipi.it\/wp-content\/uploads\/2011\/04\/madreporaTG.jpg","datePublished":"2019-02-25T15:22:24+00:00","dateModified":"2025-07-24T12:11:10+00:00","description":"Star bene al Museo \u00e8 stata una esperienza che si \u00e8 svolta al Museo nel 2019 e ha coinvolto i partecipanti in una serie di pratiche partecipative, con lo","breadcrumb":{"@id":"https:\/\/www.msn.unipi.it\/it\/benessere-e-inclusione\/star-bene-al-museo\/#breadcrumb"},"inLanguage":"it-IT","potentialAction":[{"@type":"ReadAction","target":["https:\/\/www.msn.unipi.it\/it\/benessere-e-inclusione\/star-bene-al-museo\/"]}]},{"@type":"ImageObject","inLanguage":"it-IT","@id":"https:\/\/www.msn.unipi.it\/it\/benessere-e-inclusione\/star-bene-al-museo\/#primaryimage","url":"https:\/\/www.msn.unipi.it\/wp-content\/uploads\/2011\/04\/madreporaTG.jpg","contentUrl":"https:\/\/www.msn.unipi.it\/wp-content\/uploads\/2011\/04\/madreporaTG.jpg","width":2048,"height":342},{"@type":"BreadcrumbList","@id":"https:\/\/www.msn.unipi.it\/it\/benessere-e-inclusione\/star-bene-al-museo\/#breadcrumb","itemListElement":[{"@type":"ListItem","position":1,"name":"Home","item":"https:\/\/www.msn.unipi.it\/it\/"},{"@type":"ListItem","position":2,"name":"Benessere e inclusione","item":"https:\/\/www.msn.unipi.it\/it\/benessere-e-inclusione\/"},{"@type":"ListItem","position":3,"name":"Star bene al museo"}]},{"@type":"WebSite","@id":"https:\/\/www.msn.unipi.it\/it\/#website","url":"https:\/\/www.msn.unipi.it\/it\/","name":"Museo di Storia Naturale dell&#039;Universit\u00e0 di Pisa","description":"","publisher":{"@id":"https:\/\/www.msn.unipi.it\/it\/#organization"},"potentialAction":[{"@type":"SearchAction","target":{"@type":"EntryPoint","urlTemplate":"https:\/\/www.msn.unipi.it\/it\/?s={search_term_string}"},"query-input":{"@type":"PropertyValueSpecification","valueRequired":true,"valueName":"search_term_string"}}],"inLanguage":"it-IT"},{"@type":"Organization","@id":"https:\/\/www.msn.unipi.it\/it\/#organization","name":"Museo di Storia Naturale dell'Universit\u00e0 di Pisa","url":"https:\/\/www.msn.unipi.it\/it\/","logo":{"@type":"ImageObject","inLanguage":"it-IT","@id":"https:\/\/www.msn.unipi.it\/it\/#\/schema\/logo\/image\/","url":"https:\/\/www.msn.unipi.it\/wp-content\/uploads\/2016\/07\/footer-logo.png","contentUrl":"https:\/\/www.msn.unipi.it\/wp-content\/uploads\/2016\/07\/footer-logo.png","width":220,"height":95,"caption":"Museo di Storia Naturale dell'Universit\u00e0 di Pisa"},"image":{"@id":"https:\/\/www.msn.unipi.it\/it\/#\/schema\/logo\/image\/"},"sameAs":["https:\/\/www.facebook.com\/Museo-di-Storia-Naturale-Universit\u00e0-di-Pisa-277794215612108\/","https:\/\/x.com\/msncalci","https:\/\/www.instagram.com\/museostorianaturale_calci\/","https:\/\/www.youtube.com\/channel\/UCDaMBe_RegmdCnxLPmryMxw"]}]}},"jetpack_sharing_enabled":true,"_links":{"self":[{"href":"https:\/\/www.msn.unipi.it\/it\/wp-json\/wp\/v2\/pages\/16149","targetHints":{"allow":["GET"]}}],"collection":[{"href":"https:\/\/www.msn.unipi.it\/it\/wp-json\/wp\/v2\/pages"}],"about":[{"href":"https:\/\/www.msn.unipi.it\/it\/wp-json\/wp\/v2\/types\/page"}],"author":[{"embeddable":true,"href":"https:\/\/www.msn.unipi.it\/it\/wp-json\/wp\/v2\/users\/8"}],"replies":[{"embeddable":true,"href":"https:\/\/www.msn.unipi.it\/it\/wp-json\/wp\/v2\/comments?post=16149"}],"version-history":[{"count":10,"href":"https:\/\/www.msn.unipi.it\/it\/wp-json\/wp\/v2\/pages\/16149\/revisions"}],"predecessor-version":[{"id":30909,"href":"https:\/\/www.msn.unipi.it\/it\/wp-json\/wp\/v2\/pages\/16149\/revisions\/30909"}],"up":[{"embeddable":true,"href":"https:\/\/www.msn.unipi.it\/it\/wp-json\/wp\/v2\/pages\/16110"}],"wp:featuredmedia":[{"embeddable":true,"href":"https:\/\/www.msn.unipi.it\/it\/wp-json\/wp\/v2\/media\/7525"}],"wp:attachment":[{"href":"https:\/\/www.msn.unipi.it\/it\/wp-json\/wp\/v2\/media?parent=16149"}],"curies":[{"name":"wp","href":"https:\/\/api.w.org\/{rel}","templated":true}]}}