{"id":24319,"date":"2022-07-04T12:19:29","date_gmt":"2022-07-04T10:19:29","guid":{"rendered":"https:\/\/www.msn.unipi.it\/?page_id=24319"},"modified":"2022-07-04T12:19:52","modified_gmt":"2022-07-04T10:19:52","slug":"iv-incontro-visita-e-attivita-alla-sala-della-biodiversita-e-allarca","status":"publish","type":"page","link":"https:\/\/www.msn.unipi.it\/it\/attivita-docenti\/il-valore-della-biodiversita\/iv-incontro-visita-e-attivita-alla-sala-della-biodiversita-e-allarca\/","title":{"rendered":"IV incontro: Visita e attivit\u00e0 alla Sala della biodiversit\u00e0 e all\u2019Arca"},"content":{"rendered":"<p><strong><a href=\"https:\/\/www.msn.unipi.it\/it\/sala-della-biodiversita\/\" target=\"_blank\" rel=\"noopener\">Visita alla Sala della biodiversit\u00e0<\/a><\/strong> e all&#8217;<strong><a href=\"https:\/\/www.msn.unipi.it\/it\/la-terra-tra-mito-e-scienza-2\/\" target=\"_blank\" rel=\"noopener\">Arca<\/a><\/strong> a cura di Simone Farina.<br \/>\nLa nuova Sala della Biodiversit\u00e0 si presta ad almeno tre livelli di fruizione: primo livello di esplorazione e meraviglia limitandosi a vedere a quale continente appartengono gli animali esposti; secondo livello con prime informazioni in cui si legge sui pannelli il nome delle specie esposte; terzo livello di informazione approfondita in cui si aprono le schede con QRcode dedicate alle specie esposte:<br \/>\n<a href=\"https:\/\/www.msn.unipi.it\/gallerie\/europa\/\" target=\"_blank\" rel=\"noopener\">Europa\u00a0<\/a><br \/>\n<a href=\"https:\/\/www.msn.unipi.it\/gallerie\/asia\/\" target=\"_blank\" rel=\"noopener\">Asia\u00a0<\/a><br \/>\n<a href=\"https:\/\/www.msn.unipi.it\/gallerie\/america\/\" target=\"_blank\" rel=\"noopener\">America\u00a0<\/a><br \/>\n<a href=\"https:\/\/www.msn.unipi.it\/gallerie\/africa-1\/\" target=\"_blank\" rel=\"noopener\">Africa 1\u00a0<\/a><br \/>\n<a href=\"https:\/\/www.msn.unipi.it\/gallerie\/africa-2\/\" target=\"_blank\" rel=\"noopener\">Africa 2<\/a><br \/>\n<a href=\"https:\/\/www.msn.unipi.it\/gallerie\/africa-3\/\" target=\"_blank\" rel=\"noopener\">Africa 3<\/a><br \/>\n<a href=\"https:\/\/www.msn.unipi.it\/gallerie\/oceania\/\" target=\"_blank\" rel=\"noopener\">Oceania<\/a><\/p>\n<p><strong>Esempi di attivit\u00e0 pratiche da poter realizzare con i bambini:<\/strong><\/p>\n<p><em><strong>\u201cChi cerca trova\u201d<\/strong><\/em> \u2013 a ciascun bambino viene data l\u2019immagine di un animale che dovr\u00e0 ritrovare all\u2019interno della Sala. Questo gioco \u00e8 utile per stimolare le capacit\u00e0 di osservazione dei bambini orientate alla scoperta.<br \/>\n<em><strong>\u201cA ognuno il suo habitat\u201d<\/strong> <\/em>\u2013 i bambini potranno osservare e discutere con l\u2019operatore un mappa-mondo con le immagini di animali presenti nella Sala per comprendere la diversit\u00e0 delle specie pre-senti sul nostro pianeta, la diversit\u00e0 dei vari ambienti (foresta, savana, tundra&#8230;) e come gli animali sono strettamente legati all\u2019ambiente in cui vivono.<\/p>\n","protected":false},"excerpt":{"rendered":"<p>Visita alla Sala della biodiversit\u00e0 e all&#8217;Arca a cura di Simone Farina. La nuova Sala della Biodiversit\u00e0 si presta ad almeno tre livelli di fruizione: primo livello di esplorazione e meraviglia limitandosi a vedere a quale continente appartengono gli animali esposti; secondo livello con prime informazioni in cui si legge sui pannelli il nome delle&nbsp; <a href=\"https:\/\/www.msn.unipi.it\/it\/attivita-docenti\/il-valore-della-biodiversita\/iv-incontro-visita-e-attivita-alla-sala-della-biodiversita-e-allarca\/\">&hellip;  <i class=\"fa fa-chevron-right\"><\/i><\/a><\/p>\n","protected":false},"author":7,"featured_media":7525,"parent":24226,"menu_order":0,"comment_status":"closed","ping_status":"closed","template":"","meta":{"footnotes":""},"class_list":["post-24319","page","type-page","status-publish","has-post-thumbnail","hentry"],"yoast_head":"<!-- This site is optimized with the Yoast SEO plugin v26.8 - https:\/\/yoast.com\/product\/yoast-seo-wordpress\/ -->\n<title>IV incontro: Visita e attivit\u00e0 alla Sala della biodiversit\u00e0 e all\u2019Arca - Museo di Storia Naturale dell&#039;Universit\u00e0 di Pisa<\/title>\n<meta name=\"description\" content=\"Visita alla Sala della biodiversit\u00e0 e all&#039;Arca a cura di Simone Farina. La nuova Sala della Biodiversit\u00e0 si presta ad almeno tre livelli di fruizione:\" \/>\n<meta name=\"robots\" content=\"index, follow, max-snippet:-1, max-image-preview:large, max-video-preview:-1\" \/>\n<link rel=\"canonical\" href=\"https:\/\/www.msn.unipi.it\/it\/attivita-docenti\/il-valore-della-biodiversita\/iv-incontro-visita-e-attivita-alla-sala-della-biodiversita-e-allarca\/\" \/>\n<meta property=\"og:locale\" content=\"it_IT\" \/>\n<meta property=\"og:type\" content=\"article\" \/>\n<meta property=\"og:title\" content=\"IV incontro: Visita e attivit\u00e0 alla Sala della biodiversit\u00e0 e all\u2019Arca - Museo di Storia Naturale dell&#039;Universit\u00e0 di Pisa\" \/>\n<meta property=\"og:description\" content=\"Visita alla Sala della biodiversit\u00e0 e all&#039;Arca a cura di Simone Farina. La nuova Sala della Biodiversit\u00e0 si presta ad almeno tre livelli di fruizione:\" \/>\n<meta property=\"og:url\" content=\"https:\/\/www.msn.unipi.it\/it\/attivita-docenti\/il-valore-della-biodiversita\/iv-incontro-visita-e-attivita-alla-sala-della-biodiversita-e-allarca\/\" \/>\n<meta property=\"og:site_name\" content=\"Museo di Storia Naturale dell&#039;Universit\u00e0 di Pisa\" \/>\n<meta property=\"article:publisher\" content=\"https:\/\/www.facebook.com\/Museo-di-Storia-Naturale-Universit%c3%a0-di-Pisa-277794215612108\/\" \/>\n<meta property=\"article:modified_time\" content=\"2022-07-04T10:19:52+00:00\" \/>\n<meta property=\"og:image\" content=\"https:\/\/www.msn.unipi.it\/wp-content\/uploads\/2011\/04\/madreporaTG.jpg\" \/>\n\t<meta property=\"og:image:width\" content=\"2048\" \/>\n\t<meta property=\"og:image:height\" content=\"342\" \/>\n\t<meta property=\"og:image:type\" content=\"image\/jpeg\" \/>\n<meta name=\"twitter:card\" content=\"summary_large_image\" \/>\n<meta name=\"twitter:site\" content=\"@msncalci\" \/>\n<meta name=\"twitter:label1\" content=\"Tempo di lettura stimato\" \/>\n\t<meta name=\"twitter:data1\" content=\"1 minuto\" \/>\n<script type=\"application\/ld+json\" class=\"yoast-schema-graph\">{\"@context\":\"https:\/\/schema.org\",\"@graph\":[{\"@type\":\"WebPage\",\"@id\":\"https:\/\/www.msn.unipi.it\/it\/attivita-docenti\/il-valore-della-biodiversita\/iv-incontro-visita-e-attivita-alla-sala-della-biodiversita-e-allarca\/\",\"url\":\"https:\/\/www.msn.unipi.it\/it\/attivita-docenti\/il-valore-della-biodiversita\/iv-incontro-visita-e-attivita-alla-sala-della-biodiversita-e-allarca\/\",\"name\":\"IV incontro: Visita e attivit\u00e0 alla Sala della biodiversit\u00e0 e all\u2019Arca - Museo di Storia Naturale dell&#039;Universit\u00e0 di Pisa\",\"isPartOf\":{\"@id\":\"https:\/\/www.msn.unipi.it\/it\/#website\"},\"primaryImageOfPage\":{\"@id\":\"https:\/\/www.msn.unipi.it\/it\/attivita-docenti\/il-valore-della-biodiversita\/iv-incontro-visita-e-attivita-alla-sala-della-biodiversita-e-allarca\/#primaryimage\"},\"image\":{\"@id\":\"https:\/\/www.msn.unipi.it\/it\/attivita-docenti\/il-valore-della-biodiversita\/iv-incontro-visita-e-attivita-alla-sala-della-biodiversita-e-allarca\/#primaryimage\"},\"thumbnailUrl\":\"https:\/\/www.msn.unipi.it\/wp-content\/uploads\/2011\/04\/madreporaTG.jpg\",\"datePublished\":\"2022-07-04T10:19:29+00:00\",\"dateModified\":\"2022-07-04T10:19:52+00:00\",\"description\":\"Visita alla Sala della biodiversit\u00e0 e all'Arca a cura di Simone Farina. La nuova Sala della Biodiversit\u00e0 si presta ad almeno tre livelli di fruizione:\",\"breadcrumb\":{\"@id\":\"https:\/\/www.msn.unipi.it\/it\/attivita-docenti\/il-valore-della-biodiversita\/iv-incontro-visita-e-attivita-alla-sala-della-biodiversita-e-allarca\/#breadcrumb\"},\"inLanguage\":\"it-IT\",\"potentialAction\":[{\"@type\":\"ReadAction\",\"target\":[\"https:\/\/www.msn.unipi.it\/it\/attivita-docenti\/il-valore-della-biodiversita\/iv-incontro-visita-e-attivita-alla-sala-della-biodiversita-e-allarca\/\"]}]},{\"@type\":\"ImageObject\",\"inLanguage\":\"it-IT\",\"@id\":\"https:\/\/www.msn.unipi.it\/it\/attivita-docenti\/il-valore-della-biodiversita\/iv-incontro-visita-e-attivita-alla-sala-della-biodiversita-e-allarca\/#primaryimage\",\"url\":\"https:\/\/www.msn.unipi.it\/wp-content\/uploads\/2011\/04\/madreporaTG.jpg\",\"contentUrl\":\"https:\/\/www.msn.unipi.it\/wp-content\/uploads\/2011\/04\/madreporaTG.jpg\",\"width\":2048,\"height\":342},{\"@type\":\"BreadcrumbList\",\"@id\":\"https:\/\/www.msn.unipi.it\/it\/attivita-docenti\/il-valore-della-biodiversita\/iv-incontro-visita-e-attivita-alla-sala-della-biodiversita-e-allarca\/#breadcrumb\",\"itemListElement\":[{\"@type\":\"ListItem\",\"position\":1,\"name\":\"Home\",\"item\":\"https:\/\/www.msn.unipi.it\/it\/\"},{\"@type\":\"ListItem\",\"position\":2,\"name\":\"Archivio formazione insegnanti\",\"item\":\"https:\/\/www.msn.unipi.it\/it\/attivita-docenti\/\"},{\"@type\":\"ListItem\",\"position\":3,\"name\":\"Il valore della biodiversit\u00e0 &#8211; Vertebrati toscani\",\"item\":\"https:\/\/www.msn.unipi.it\/it\/attivita-docenti\/il-valore-della-biodiversita\/\"},{\"@type\":\"ListItem\",\"position\":4,\"name\":\"IV incontro: Visita e attivit\u00e0 alla Sala della biodiversit\u00e0 e all\u2019Arca\"}]},{\"@type\":\"WebSite\",\"@id\":\"https:\/\/www.msn.unipi.it\/it\/#website\",\"url\":\"https:\/\/www.msn.unipi.it\/it\/\",\"name\":\"Museo di Storia Naturale dell&#039;Universit\u00e0 di Pisa\",\"description\":\"\",\"publisher\":{\"@id\":\"https:\/\/www.msn.unipi.it\/it\/#organization\"},\"potentialAction\":[{\"@type\":\"SearchAction\",\"target\":{\"@type\":\"EntryPoint\",\"urlTemplate\":\"https:\/\/www.msn.unipi.it\/it\/?s={search_term_string}\"},\"query-input\":{\"@type\":\"PropertyValueSpecification\",\"valueRequired\":true,\"valueName\":\"search_term_string\"}}],\"inLanguage\":\"it-IT\"},{\"@type\":\"Organization\",\"@id\":\"https:\/\/www.msn.unipi.it\/it\/#organization\",\"name\":\"Museo di Storia Naturale dell'Universit\u00e0 di Pisa\",\"url\":\"https:\/\/www.msn.unipi.it\/it\/\",\"logo\":{\"@type\":\"ImageObject\",\"inLanguage\":\"it-IT\",\"@id\":\"https:\/\/www.msn.unipi.it\/it\/#\/schema\/logo\/image\/\",\"url\":\"https:\/\/www.msn.unipi.it\/wp-content\/uploads\/2016\/07\/footer-logo.png\",\"contentUrl\":\"https:\/\/www.msn.unipi.it\/wp-content\/uploads\/2016\/07\/footer-logo.png\",\"width\":220,\"height\":95,\"caption\":\"Museo di Storia Naturale dell'Universit\u00e0 di Pisa\"},\"image\":{\"@id\":\"https:\/\/www.msn.unipi.it\/it\/#\/schema\/logo\/image\/\"},\"sameAs\":[\"https:\/\/www.facebook.com\/Museo-di-Storia-Naturale-Universit\u00e0-di-Pisa-277794215612108\/\",\"https:\/\/x.com\/msncalci\",\"https:\/\/www.instagram.com\/museostorianaturale_calci\/\",\"https:\/\/www.youtube.com\/channel\/UCDaMBe_RegmdCnxLPmryMxw\"]}]}<\/script>\n<!-- \/ Yoast SEO plugin. -->","yoast_head_json":{"title":"IV incontro: Visita e attivit\u00e0 alla Sala della biodiversit\u00e0 e all\u2019Arca - Museo di Storia Naturale dell&#039;Universit\u00e0 di Pisa","description":"Visita alla Sala della biodiversit\u00e0 e all'Arca a cura di Simone Farina. La nuova Sala della Biodiversit\u00e0 si presta ad almeno tre livelli di fruizione:","robots":{"index":"index","follow":"follow","max-snippet":"max-snippet:-1","max-image-preview":"max-image-preview:large","max-video-preview":"max-video-preview:-1"},"canonical":"https:\/\/www.msn.unipi.it\/it\/attivita-docenti\/il-valore-della-biodiversita\/iv-incontro-visita-e-attivita-alla-sala-della-biodiversita-e-allarca\/","og_locale":"it_IT","og_type":"article","og_title":"IV incontro: Visita e attivit\u00e0 alla Sala della biodiversit\u00e0 e all\u2019Arca - Museo di Storia Naturale dell&#039;Universit\u00e0 di Pisa","og_description":"Visita alla Sala della biodiversit\u00e0 e all'Arca a cura di Simone Farina. La nuova Sala della Biodiversit\u00e0 si presta ad almeno tre livelli di fruizione:","og_url":"https:\/\/www.msn.unipi.it\/it\/attivita-docenti\/il-valore-della-biodiversita\/iv-incontro-visita-e-attivita-alla-sala-della-biodiversita-e-allarca\/","og_site_name":"Museo di Storia Naturale dell&#039;Universit\u00e0 di Pisa","article_publisher":"https:\/\/www.facebook.com\/Museo-di-Storia-Naturale-Universit%c3%a0-di-Pisa-277794215612108\/","article_modified_time":"2022-07-04T10:19:52+00:00","og_image":[{"width":2048,"height":342,"url":"https:\/\/www.msn.unipi.it\/wp-content\/uploads\/2011\/04\/madreporaTG.jpg","type":"image\/jpeg"}],"twitter_card":"summary_large_image","twitter_site":"@msncalci","twitter_misc":{"Tempo di lettura stimato":"1 minuto"},"schema":{"@context":"https:\/\/schema.org","@graph":[{"@type":"WebPage","@id":"https:\/\/www.msn.unipi.it\/it\/attivita-docenti\/il-valore-della-biodiversita\/iv-incontro-visita-e-attivita-alla-sala-della-biodiversita-e-allarca\/","url":"https:\/\/www.msn.unipi.it\/it\/attivita-docenti\/il-valore-della-biodiversita\/iv-incontro-visita-e-attivita-alla-sala-della-biodiversita-e-allarca\/","name":"IV incontro: Visita e attivit\u00e0 alla Sala della biodiversit\u00e0 e all\u2019Arca - Museo di Storia Naturale dell&#039;Universit\u00e0 di Pisa","isPartOf":{"@id":"https:\/\/www.msn.unipi.it\/it\/#website"},"primaryImageOfPage":{"@id":"https:\/\/www.msn.unipi.it\/it\/attivita-docenti\/il-valore-della-biodiversita\/iv-incontro-visita-e-attivita-alla-sala-della-biodiversita-e-allarca\/#primaryimage"},"image":{"@id":"https:\/\/www.msn.unipi.it\/it\/attivita-docenti\/il-valore-della-biodiversita\/iv-incontro-visita-e-attivita-alla-sala-della-biodiversita-e-allarca\/#primaryimage"},"thumbnailUrl":"https:\/\/www.msn.unipi.it\/wp-content\/uploads\/2011\/04\/madreporaTG.jpg","datePublished":"2022-07-04T10:19:29+00:00","dateModified":"2022-07-04T10:19:52+00:00","description":"Visita alla Sala della biodiversit\u00e0 e all'Arca a cura di Simone Farina. La nuova Sala della Biodiversit\u00e0 si presta ad almeno tre livelli di fruizione:","breadcrumb":{"@id":"https:\/\/www.msn.unipi.it\/it\/attivita-docenti\/il-valore-della-biodiversita\/iv-incontro-visita-e-attivita-alla-sala-della-biodiversita-e-allarca\/#breadcrumb"},"inLanguage":"it-IT","potentialAction":[{"@type":"ReadAction","target":["https:\/\/www.msn.unipi.it\/it\/attivita-docenti\/il-valore-della-biodiversita\/iv-incontro-visita-e-attivita-alla-sala-della-biodiversita-e-allarca\/"]}]},{"@type":"ImageObject","inLanguage":"it-IT","@id":"https:\/\/www.msn.unipi.it\/it\/attivita-docenti\/il-valore-della-biodiversita\/iv-incontro-visita-e-attivita-alla-sala-della-biodiversita-e-allarca\/#primaryimage","url":"https:\/\/www.msn.unipi.it\/wp-content\/uploads\/2011\/04\/madreporaTG.jpg","contentUrl":"https:\/\/www.msn.unipi.it\/wp-content\/uploads\/2011\/04\/madreporaTG.jpg","width":2048,"height":342},{"@type":"BreadcrumbList","@id":"https:\/\/www.msn.unipi.it\/it\/attivita-docenti\/il-valore-della-biodiversita\/iv-incontro-visita-e-attivita-alla-sala-della-biodiversita-e-allarca\/#breadcrumb","itemListElement":[{"@type":"ListItem","position":1,"name":"Home","item":"https:\/\/www.msn.unipi.it\/it\/"},{"@type":"ListItem","position":2,"name":"Archivio formazione insegnanti","item":"https:\/\/www.msn.unipi.it\/it\/attivita-docenti\/"},{"@type":"ListItem","position":3,"name":"Il valore della biodiversit\u00e0 &#8211; Vertebrati toscani","item":"https:\/\/www.msn.unipi.it\/it\/attivita-docenti\/il-valore-della-biodiversita\/"},{"@type":"ListItem","position":4,"name":"IV incontro: Visita e attivit\u00e0 alla Sala della biodiversit\u00e0 e all\u2019Arca"}]},{"@type":"WebSite","@id":"https:\/\/www.msn.unipi.it\/it\/#website","url":"https:\/\/www.msn.unipi.it\/it\/","name":"Museo di Storia Naturale dell&#039;Universit\u00e0 di Pisa","description":"","publisher":{"@id":"https:\/\/www.msn.unipi.it\/it\/#organization"},"potentialAction":[{"@type":"SearchAction","target":{"@type":"EntryPoint","urlTemplate":"https:\/\/www.msn.unipi.it\/it\/?s={search_term_string}"},"query-input":{"@type":"PropertyValueSpecification","valueRequired":true,"valueName":"search_term_string"}}],"inLanguage":"it-IT"},{"@type":"Organization","@id":"https:\/\/www.msn.unipi.it\/it\/#organization","name":"Museo di Storia Naturale dell'Universit\u00e0 di Pisa","url":"https:\/\/www.msn.unipi.it\/it\/","logo":{"@type":"ImageObject","inLanguage":"it-IT","@id":"https:\/\/www.msn.unipi.it\/it\/#\/schema\/logo\/image\/","url":"https:\/\/www.msn.unipi.it\/wp-content\/uploads\/2016\/07\/footer-logo.png","contentUrl":"https:\/\/www.msn.unipi.it\/wp-content\/uploads\/2016\/07\/footer-logo.png","width":220,"height":95,"caption":"Museo di Storia Naturale dell'Universit\u00e0 di Pisa"},"image":{"@id":"https:\/\/www.msn.unipi.it\/it\/#\/schema\/logo\/image\/"},"sameAs":["https:\/\/www.facebook.com\/Museo-di-Storia-Naturale-Universit\u00e0-di-Pisa-277794215612108\/","https:\/\/x.com\/msncalci","https:\/\/www.instagram.com\/museostorianaturale_calci\/","https:\/\/www.youtube.com\/channel\/UCDaMBe_RegmdCnxLPmryMxw"]}]}},"jetpack_sharing_enabled":true,"_links":{"self":[{"href":"https:\/\/www.msn.unipi.it\/it\/wp-json\/wp\/v2\/pages\/24319","targetHints":{"allow":["GET"]}}],"collection":[{"href":"https:\/\/www.msn.unipi.it\/it\/wp-json\/wp\/v2\/pages"}],"about":[{"href":"https:\/\/www.msn.unipi.it\/it\/wp-json\/wp\/v2\/types\/page"}],"author":[{"embeddable":true,"href":"https:\/\/www.msn.unipi.it\/it\/wp-json\/wp\/v2\/users\/7"}],"replies":[{"embeddable":true,"href":"https:\/\/www.msn.unipi.it\/it\/wp-json\/wp\/v2\/comments?post=24319"}],"version-history":[{"count":2,"href":"https:\/\/www.msn.unipi.it\/it\/wp-json\/wp\/v2\/pages\/24319\/revisions"}],"predecessor-version":[{"id":24321,"href":"https:\/\/www.msn.unipi.it\/it\/wp-json\/wp\/v2\/pages\/24319\/revisions\/24321"}],"up":[{"embeddable":true,"href":"https:\/\/www.msn.unipi.it\/it\/wp-json\/wp\/v2\/pages\/24226"}],"wp:featuredmedia":[{"embeddable":true,"href":"https:\/\/www.msn.unipi.it\/it\/wp-json\/wp\/v2\/media\/7525"}],"wp:attachment":[{"href":"https:\/\/www.msn.unipi.it\/it\/wp-json\/wp\/v2\/media?parent=24319"}],"curies":[{"name":"wp","href":"https:\/\/api.w.org\/{rel}","templated":true}]}}