{"id":25790,"date":"2022-11-14T15:48:58","date_gmt":"2022-11-14T14:48:58","guid":{"rendered":"https:\/\/www.msn.unipi.it\/?page_id=25790"},"modified":"2022-11-17T13:50:45","modified_gmt":"2022-11-17T12:50:45","slug":"la-plastica-e-noi","status":"publish","type":"page","link":"https:\/\/www.msn.unipi.it\/it\/attivita-docenti\/la-plastica-e-noi\/","title":{"rendered":"La plastica e noi"},"content":{"rendered":"<h3 style=\"text-align: center;\">VI edizione della Scuola di formazione per insegnanti<br \/>\n\u201cLe Scienze, il Museo e la Scuola\u201d<br \/>\nanno scolastico 2020-2021<\/h3>\n<p>&nbsp;<\/p>\n<h4><strong><span class=\"lightviolet\">Gli obiettivi<\/span><\/strong><\/h4>\n<p>Durante l\u2019epidemia di Covid -19 la scuola di formazione per insegnanti \u00e8 stata realizzata in modalit\u00e0 mista, cio\u00e8 in parte in presenza e in parte a distanza. Per distinguerla dalle precedenti edizioni \u00e8 stato usato il termine \u201cL\u2019Altra Scuola\u201d.<br \/>\nL\u2019Altra Scuola ha affrontato le tematiche proposte da \u201cLa Plastica e noi\u201d la mostra temporanea allestita nella Galleria dei Cetacei del Museo, che \u00e8 stata visitabile dal 24 luglio 2020 al 6 giugno 2021. Un argomento, di grande importanza e impatto sul nostro mondo che segue gli Obiettivi per lo Sviluppo Sostenibile proposti dall\u2019Agenda 2030:<br \/>\nGoal 4: Assicurare un\u2019istruzione di qualit\u00e0, equa ed inclusiva, e promuovere opportunit\u00e0 di apprendimento permanente per tutti.<br \/>\nGoal 12: Garantire modelli di consumo e produzione sostenibili<br \/>\nGoal 14: Conservare e utilizzare in modo durevole gli oceani, i mari e le risorse marine per uno sviluppo sostenibile.<\/p>\n<p>&nbsp;<\/p>\n<h4><strong><span class=\"lightviolet\">Indice dei contenuti<\/span><\/strong><\/h4>\n<p>La tematica della plastica \u00e8 stata introdotta inviando a ogni docente un&#8217;immagine da commentare con una libera riflessione: <strong><a href=\"https:\/\/www.msn.unipi.it\/wp-content\/uploads\/2022\/11\/LA-PLASTICA-E-NOI-introduzione.pdf\" target=\"_blank\" rel=\"noopener\">Raccolta delle immagini e delle riflessioni<\/a><\/strong><\/p>\n<p>I incontro: <a href=\"https:\/\/www.msn.unipi.it\/it\/attivita-docenti\/la-plastica-e-noi\/i-incontro-uscita-al-parco-di-san-rossore\/\" target=\"_blank\" rel=\"noopener\"><strong>Uscita al Parco di San Rossore<\/strong><\/a><\/p>\n<p>II Incontro: <a href=\"https:\/\/www.msn.unipi.it\/it\/attivita-docenti\/la-plastica-e-noi\/visita-alla-mostra-la-plastica-e-noi-e-attivita-pratiche-in-museo\/\" target=\"_blank\" rel=\"noopener\"><strong>Visita alla mostra \u201cLa Plastica e noi\u201d e attivit\u00e0 pratiche in Museo<\/strong><\/a><\/p>\n<p><a href=\"https:\/\/www.msn.unipi.it\/it\/attivita-docenti\/la-plastica-e-noi\/webinar-a-tu-per-tu-con-la-plastica\/\" target=\"_blank\" rel=\"noopener\"><strong>Webinar<\/strong><\/a><\/p>\n<p><a href=\"https:\/\/www.msn.unipi.it\/it\/la-plastica-e-noi-attivita-e-approfondimenti\/\" target=\"_blank\" rel=\"noopener\"><strong>Approfondimenti<\/strong><\/a><\/p>\n<p><strong><a href=\"https:\/\/www.msn.unipi.it\/it\/attivita-docenti\/la-plastica-e-noi\/la-plastica-e-noi\/bibliografia-la-plastica-e-noi\/\" target=\"_blank\" rel=\"noopener\">Bibliografia e sitografia<\/a><\/strong><\/p>\n<p><a href=\"https:\/\/www.msn.unipi.it\/it\/attivita-docenti\/la-plastica-e-noi\/elaborati-studenti-la-plastica-e-noi\/\" target=\"_blank\" rel=\"noopener\"><strong>Elaborati degli studenti\u00a0<\/strong><\/a><\/p>\n<p>&nbsp;<\/p>\n","protected":false},"excerpt":{"rendered":"<p>VI edizione della Scuola di formazione per insegnanti \u201cLe Scienze, il Museo e la Scuola\u201d anno scolastico 2020-2021 &nbsp; Gli obiettivi Durante l\u2019epidemia di Covid -19 la scuola di formazione per insegnanti \u00e8 stata realizzata in modalit\u00e0 mista, cio\u00e8 in parte in presenza e in parte a distanza. Per distinguerla dalle precedenti edizioni \u00e8 stato&nbsp; <a href=\"https:\/\/www.msn.unipi.it\/it\/attivita-docenti\/la-plastica-e-noi\/\">&hellip;  <i class=\"fa fa-chevron-right\"><\/i><\/a><\/p>\n","protected":false},"author":7,"featured_media":7525,"parent":6109,"menu_order":0,"comment_status":"closed","ping_status":"closed","template":"","meta":{"footnotes":""},"class_list":["post-25790","page","type-page","status-publish","has-post-thumbnail","hentry"],"yoast_head":"<!-- This site is optimized with the Yoast SEO plugin v26.8 - https:\/\/yoast.com\/product\/yoast-seo-wordpress\/ -->\n<title>La plastica e noi - Museo di Storia Naturale dell&#039;Universit\u00e0 di Pisa<\/title>\n<meta name=\"description\" content=\"VI edizione della Scuola di formazione per insegnanti \u201cLe Scienze, il Museo e la Scuola\u201d anno scolastico 2020-2021 &nbsp; Gli obiettivi Durante l\u2019epidemia\" \/>\n<meta name=\"robots\" content=\"index, follow, max-snippet:-1, max-image-preview:large, max-video-preview:-1\" \/>\n<link rel=\"canonical\" href=\"https:\/\/www.msn.unipi.it\/it\/attivita-docenti\/la-plastica-e-noi\/\" \/>\n<meta property=\"og:locale\" content=\"it_IT\" \/>\n<meta property=\"og:type\" content=\"article\" \/>\n<meta property=\"og:title\" content=\"La plastica e noi - Museo di Storia Naturale dell&#039;Universit\u00e0 di Pisa\" \/>\n<meta property=\"og:description\" content=\"VI edizione della Scuola di formazione per insegnanti \u201cLe Scienze, il Museo e la Scuola\u201d anno scolastico 2020-2021 &nbsp; Gli obiettivi Durante l\u2019epidemia\" \/>\n<meta property=\"og:url\" content=\"https:\/\/www.msn.unipi.it\/it\/attivita-docenti\/la-plastica-e-noi\/\" \/>\n<meta property=\"og:site_name\" content=\"Museo di Storia Naturale dell&#039;Universit\u00e0 di Pisa\" \/>\n<meta property=\"article:publisher\" content=\"https:\/\/www.facebook.com\/Museo-di-Storia-Naturale-Universit%c3%a0-di-Pisa-277794215612108\/\" \/>\n<meta property=\"article:modified_time\" content=\"2022-11-17T12:50:45+00:00\" \/>\n<meta property=\"og:image\" content=\"https:\/\/www.msn.unipi.it\/wp-content\/uploads\/2011\/04\/madreporaTG.jpg\" \/>\n\t<meta property=\"og:image:width\" content=\"2048\" \/>\n\t<meta property=\"og:image:height\" content=\"342\" \/>\n\t<meta property=\"og:image:type\" content=\"image\/jpeg\" \/>\n<meta name=\"twitter:card\" content=\"summary_large_image\" \/>\n<meta name=\"twitter:site\" content=\"@msncalci\" \/>\n<meta name=\"twitter:label1\" content=\"Tempo di lettura stimato\" \/>\n\t<meta name=\"twitter:data1\" content=\"2 minuti\" \/>\n<script type=\"application\/ld+json\" class=\"yoast-schema-graph\">{\"@context\":\"https:\/\/schema.org\",\"@graph\":[{\"@type\":\"WebPage\",\"@id\":\"https:\/\/www.msn.unipi.it\/it\/attivita-docenti\/la-plastica-e-noi\/\",\"url\":\"https:\/\/www.msn.unipi.it\/it\/attivita-docenti\/la-plastica-e-noi\/\",\"name\":\"La plastica e noi - Museo di Storia Naturale dell&#039;Universit\u00e0 di Pisa\",\"isPartOf\":{\"@id\":\"https:\/\/www.msn.unipi.it\/it\/#website\"},\"primaryImageOfPage\":{\"@id\":\"https:\/\/www.msn.unipi.it\/it\/attivita-docenti\/la-plastica-e-noi\/#primaryimage\"},\"image\":{\"@id\":\"https:\/\/www.msn.unipi.it\/it\/attivita-docenti\/la-plastica-e-noi\/#primaryimage\"},\"thumbnailUrl\":\"https:\/\/www.msn.unipi.it\/wp-content\/uploads\/2011\/04\/madreporaTG.jpg\",\"datePublished\":\"2022-11-14T14:48:58+00:00\",\"dateModified\":\"2022-11-17T12:50:45+00:00\",\"description\":\"VI edizione della Scuola di formazione per insegnanti \u201cLe Scienze, il Museo e la Scuola\u201d anno scolastico 2020-2021 &nbsp; Gli obiettivi Durante l\u2019epidemia\",\"breadcrumb\":{\"@id\":\"https:\/\/www.msn.unipi.it\/it\/attivita-docenti\/la-plastica-e-noi\/#breadcrumb\"},\"inLanguage\":\"it-IT\",\"potentialAction\":[{\"@type\":\"ReadAction\",\"target\":[\"https:\/\/www.msn.unipi.it\/it\/attivita-docenti\/la-plastica-e-noi\/\"]}]},{\"@type\":\"ImageObject\",\"inLanguage\":\"it-IT\",\"@id\":\"https:\/\/www.msn.unipi.it\/it\/attivita-docenti\/la-plastica-e-noi\/#primaryimage\",\"url\":\"https:\/\/www.msn.unipi.it\/wp-content\/uploads\/2011\/04\/madreporaTG.jpg\",\"contentUrl\":\"https:\/\/www.msn.unipi.it\/wp-content\/uploads\/2011\/04\/madreporaTG.jpg\",\"width\":2048,\"height\":342},{\"@type\":\"BreadcrumbList\",\"@id\":\"https:\/\/www.msn.unipi.it\/it\/attivita-docenti\/la-plastica-e-noi\/#breadcrumb\",\"itemListElement\":[{\"@type\":\"ListItem\",\"position\":1,\"name\":\"Home\",\"item\":\"https:\/\/www.msn.unipi.it\/it\/\"},{\"@type\":\"ListItem\",\"position\":2,\"name\":\"Archivio formazione insegnanti\",\"item\":\"https:\/\/www.msn.unipi.it\/it\/attivita-docenti\/\"},{\"@type\":\"ListItem\",\"position\":3,\"name\":\"La plastica e noi\"}]},{\"@type\":\"WebSite\",\"@id\":\"https:\/\/www.msn.unipi.it\/it\/#website\",\"url\":\"https:\/\/www.msn.unipi.it\/it\/\",\"name\":\"Museo di Storia Naturale dell&#039;Universit\u00e0 di Pisa\",\"description\":\"\",\"publisher\":{\"@id\":\"https:\/\/www.msn.unipi.it\/it\/#organization\"},\"potentialAction\":[{\"@type\":\"SearchAction\",\"target\":{\"@type\":\"EntryPoint\",\"urlTemplate\":\"https:\/\/www.msn.unipi.it\/it\/?s={search_term_string}\"},\"query-input\":{\"@type\":\"PropertyValueSpecification\",\"valueRequired\":true,\"valueName\":\"search_term_string\"}}],\"inLanguage\":\"it-IT\"},{\"@type\":\"Organization\",\"@id\":\"https:\/\/www.msn.unipi.it\/it\/#organization\",\"name\":\"Museo di Storia Naturale dell'Universit\u00e0 di Pisa\",\"url\":\"https:\/\/www.msn.unipi.it\/it\/\",\"logo\":{\"@type\":\"ImageObject\",\"inLanguage\":\"it-IT\",\"@id\":\"https:\/\/www.msn.unipi.it\/it\/#\/schema\/logo\/image\/\",\"url\":\"https:\/\/www.msn.unipi.it\/wp-content\/uploads\/2016\/07\/footer-logo.png\",\"contentUrl\":\"https:\/\/www.msn.unipi.it\/wp-content\/uploads\/2016\/07\/footer-logo.png\",\"width\":220,\"height\":95,\"caption\":\"Museo di Storia Naturale dell'Universit\u00e0 di Pisa\"},\"image\":{\"@id\":\"https:\/\/www.msn.unipi.it\/it\/#\/schema\/logo\/image\/\"},\"sameAs\":[\"https:\/\/www.facebook.com\/Museo-di-Storia-Naturale-Universit\u00e0-di-Pisa-277794215612108\/\",\"https:\/\/x.com\/msncalci\",\"https:\/\/www.instagram.com\/museostorianaturale_calci\/\",\"https:\/\/www.youtube.com\/channel\/UCDaMBe_RegmdCnxLPmryMxw\"]}]}<\/script>\n<!-- \/ Yoast SEO plugin. -->","yoast_head_json":{"title":"La plastica e noi - Museo di Storia Naturale dell&#039;Universit\u00e0 di Pisa","description":"VI edizione della Scuola di formazione per insegnanti \u201cLe Scienze, il Museo e la Scuola\u201d anno scolastico 2020-2021 &nbsp; Gli obiettivi Durante l\u2019epidemia","robots":{"index":"index","follow":"follow","max-snippet":"max-snippet:-1","max-image-preview":"max-image-preview:large","max-video-preview":"max-video-preview:-1"},"canonical":"https:\/\/www.msn.unipi.it\/it\/attivita-docenti\/la-plastica-e-noi\/","og_locale":"it_IT","og_type":"article","og_title":"La plastica e noi - Museo di Storia Naturale dell&#039;Universit\u00e0 di Pisa","og_description":"VI edizione della Scuola di formazione per insegnanti \u201cLe Scienze, il Museo e la Scuola\u201d anno scolastico 2020-2021 &nbsp; Gli obiettivi Durante l\u2019epidemia","og_url":"https:\/\/www.msn.unipi.it\/it\/attivita-docenti\/la-plastica-e-noi\/","og_site_name":"Museo di Storia Naturale dell&#039;Universit\u00e0 di Pisa","article_publisher":"https:\/\/www.facebook.com\/Museo-di-Storia-Naturale-Universit%c3%a0-di-Pisa-277794215612108\/","article_modified_time":"2022-11-17T12:50:45+00:00","og_image":[{"width":2048,"height":342,"url":"https:\/\/www.msn.unipi.it\/wp-content\/uploads\/2011\/04\/madreporaTG.jpg","type":"image\/jpeg"}],"twitter_card":"summary_large_image","twitter_site":"@msncalci","twitter_misc":{"Tempo di lettura stimato":"2 minuti"},"schema":{"@context":"https:\/\/schema.org","@graph":[{"@type":"WebPage","@id":"https:\/\/www.msn.unipi.it\/it\/attivita-docenti\/la-plastica-e-noi\/","url":"https:\/\/www.msn.unipi.it\/it\/attivita-docenti\/la-plastica-e-noi\/","name":"La plastica e noi - Museo di Storia Naturale dell&#039;Universit\u00e0 di Pisa","isPartOf":{"@id":"https:\/\/www.msn.unipi.it\/it\/#website"},"primaryImageOfPage":{"@id":"https:\/\/www.msn.unipi.it\/it\/attivita-docenti\/la-plastica-e-noi\/#primaryimage"},"image":{"@id":"https:\/\/www.msn.unipi.it\/it\/attivita-docenti\/la-plastica-e-noi\/#primaryimage"},"thumbnailUrl":"https:\/\/www.msn.unipi.it\/wp-content\/uploads\/2011\/04\/madreporaTG.jpg","datePublished":"2022-11-14T14:48:58+00:00","dateModified":"2022-11-17T12:50:45+00:00","description":"VI edizione della Scuola di formazione per insegnanti \u201cLe Scienze, il Museo e la Scuola\u201d anno scolastico 2020-2021 &nbsp; Gli obiettivi Durante l\u2019epidemia","breadcrumb":{"@id":"https:\/\/www.msn.unipi.it\/it\/attivita-docenti\/la-plastica-e-noi\/#breadcrumb"},"inLanguage":"it-IT","potentialAction":[{"@type":"ReadAction","target":["https:\/\/www.msn.unipi.it\/it\/attivita-docenti\/la-plastica-e-noi\/"]}]},{"@type":"ImageObject","inLanguage":"it-IT","@id":"https:\/\/www.msn.unipi.it\/it\/attivita-docenti\/la-plastica-e-noi\/#primaryimage","url":"https:\/\/www.msn.unipi.it\/wp-content\/uploads\/2011\/04\/madreporaTG.jpg","contentUrl":"https:\/\/www.msn.unipi.it\/wp-content\/uploads\/2011\/04\/madreporaTG.jpg","width":2048,"height":342},{"@type":"BreadcrumbList","@id":"https:\/\/www.msn.unipi.it\/it\/attivita-docenti\/la-plastica-e-noi\/#breadcrumb","itemListElement":[{"@type":"ListItem","position":1,"name":"Home","item":"https:\/\/www.msn.unipi.it\/it\/"},{"@type":"ListItem","position":2,"name":"Archivio formazione insegnanti","item":"https:\/\/www.msn.unipi.it\/it\/attivita-docenti\/"},{"@type":"ListItem","position":3,"name":"La plastica e noi"}]},{"@type":"WebSite","@id":"https:\/\/www.msn.unipi.it\/it\/#website","url":"https:\/\/www.msn.unipi.it\/it\/","name":"Museo di Storia Naturale dell&#039;Universit\u00e0 di Pisa","description":"","publisher":{"@id":"https:\/\/www.msn.unipi.it\/it\/#organization"},"potentialAction":[{"@type":"SearchAction","target":{"@type":"EntryPoint","urlTemplate":"https:\/\/www.msn.unipi.it\/it\/?s={search_term_string}"},"query-input":{"@type":"PropertyValueSpecification","valueRequired":true,"valueName":"search_term_string"}}],"inLanguage":"it-IT"},{"@type":"Organization","@id":"https:\/\/www.msn.unipi.it\/it\/#organization","name":"Museo di Storia Naturale dell'Universit\u00e0 di Pisa","url":"https:\/\/www.msn.unipi.it\/it\/","logo":{"@type":"ImageObject","inLanguage":"it-IT","@id":"https:\/\/www.msn.unipi.it\/it\/#\/schema\/logo\/image\/","url":"https:\/\/www.msn.unipi.it\/wp-content\/uploads\/2016\/07\/footer-logo.png","contentUrl":"https:\/\/www.msn.unipi.it\/wp-content\/uploads\/2016\/07\/footer-logo.png","width":220,"height":95,"caption":"Museo di Storia Naturale dell'Universit\u00e0 di Pisa"},"image":{"@id":"https:\/\/www.msn.unipi.it\/it\/#\/schema\/logo\/image\/"},"sameAs":["https:\/\/www.facebook.com\/Museo-di-Storia-Naturale-Universit\u00e0-di-Pisa-277794215612108\/","https:\/\/x.com\/msncalci","https:\/\/www.instagram.com\/museostorianaturale_calci\/","https:\/\/www.youtube.com\/channel\/UCDaMBe_RegmdCnxLPmryMxw"]}]}},"jetpack_sharing_enabled":true,"_links":{"self":[{"href":"https:\/\/www.msn.unipi.it\/it\/wp-json\/wp\/v2\/pages\/25790","targetHints":{"allow":["GET"]}}],"collection":[{"href":"https:\/\/www.msn.unipi.it\/it\/wp-json\/wp\/v2\/pages"}],"about":[{"href":"https:\/\/www.msn.unipi.it\/it\/wp-json\/wp\/v2\/types\/page"}],"author":[{"embeddable":true,"href":"https:\/\/www.msn.unipi.it\/it\/wp-json\/wp\/v2\/users\/7"}],"replies":[{"embeddable":true,"href":"https:\/\/www.msn.unipi.it\/it\/wp-json\/wp\/v2\/comments?post=25790"}],"version-history":[{"count":9,"href":"https:\/\/www.msn.unipi.it\/it\/wp-json\/wp\/v2\/pages\/25790\/revisions"}],"predecessor-version":[{"id":26044,"href":"https:\/\/www.msn.unipi.it\/it\/wp-json\/wp\/v2\/pages\/25790\/revisions\/26044"}],"up":[{"embeddable":true,"href":"https:\/\/www.msn.unipi.it\/it\/wp-json\/wp\/v2\/pages\/6109"}],"wp:featuredmedia":[{"embeddable":true,"href":"https:\/\/www.msn.unipi.it\/it\/wp-json\/wp\/v2\/media\/7525"}],"wp:attachment":[{"href":"https:\/\/www.msn.unipi.it\/it\/wp-json\/wp\/v2\/media?parent=25790"}],"curies":[{"name":"wp","href":"https:\/\/api.w.org\/{rel}","templated":true}]}}