{"id":32079,"date":"2026-03-27T12:14:44","date_gmt":"2026-03-27T11:14:44","guid":{"rendered":"https:\/\/www.msn.unipi.it\/?page_id=32079"},"modified":"2026-03-27T14:31:13","modified_gmt":"2026-03-27T13:31:13","slug":"archivio-di-per-tutti-e-per-ciascuno-2025","status":"publish","type":"page","link":"https:\/\/www.msn.unipi.it\/it\/benessere-e-inclusione\/per-tutti-e-per-ciascuno\/archivio-di-per-tutti-e-per-ciascuno-2025\/","title":{"rendered":"Archivio di &#8220;Per tutti e per ciascuno&#8221; | 2025"},"content":{"rendered":"<p><span class=\"TextRun SCXW31577608 BCX0\" lang=\"IT-IT\" xml:lang=\"IT-IT\" data-contrast=\"none\"><span class=\"NormalTextRun SCXW31577608 BCX0\">Nel 2025 il Museo ha mantenuto i suoi obiettivi di sviluppo e accrescimento di servizi e attivit\u00e0 in supporto a una sempre maggiore accessibilit\u00e0 e inclusione della sua offerta educativa sia per quanto riguarda le scuole (si veda la <a href=\"https:\/\/www.msn.unipi.it\/it\/educazione\/scuola\/\" target=\"_blank\" rel=\"noopener\">pagina dedicata<\/a>) sia per quanto riguarda il pubblico in generale.<\/span><\/span><span class=\"LineBreakBlob BlobObject DragDrop SCXW31577608 BCX0\"><span class=\"SCXW31577608 BCX0\">\u00a0<\/span><br class=\"SCXW31577608 BCX0\" \/><\/span><span class=\"TextRun SCXW31577608 BCX0\" lang=\"IT-IT\" xml:lang=\"IT-IT\" data-contrast=\"none\"><span class=\"NormalTextRun SCXW31577608 BCX0\">La coprogettazione di visite e laboratori multimodali personalizzati, infatti, si \u00e8 riconfermata come approccio consolidato alla base della proposta del servizio <\/span><\/span><a class=\"Hyperlink SCXW31577608 BCX0\" href=\"https:\/\/www.msn.unipi.it\/it\/benessere-e-inclusione\/per-tutti-e-per-ciascuno\/\" target=\"_blank\" rel=\"noreferrer noopener\"><span class=\"TextRun Underlined SCXW31577608 BCX0\" lang=\"IT-IT\" xml:lang=\"IT-IT\" data-contrast=\"none\"><span class=\"NormalTextRun SCXW31577608 BCX0\" data-ccp-charstyle=\"Hyperlink\">\u201cPer tutti e per ciascuno\u201d<\/span><\/span><\/a><span class=\"TextRun SCXW31577608 BCX0\" lang=\"IT-IT\" xml:lang=\"IT-IT\" data-contrast=\"none\"><span class=\"NormalTextRun SCXW31577608 BCX0\">. <\/span><\/span><\/p>\n<p><span class=\"TextRun SCXW31577608 BCX0\" lang=\"IT-IT\" xml:lang=\"IT-IT\" data-contrast=\"none\"><span class=\"NormalTextRun SCXW31577608 BCX0\">Un\u2019ipotesi di offerta e approccio inclusivo che negli anni risulta sempre pi\u00f9 una proposta di metodo sistematizzato per rispondere alle esigenze di gruppi di persone con disabilit\u00e0 e bisogni specifici che desiderano visitare il Museo, proponendo loro un\u2019offerta di visite e laboratori sempre pi\u00f9 varia, coinvolgente e accogliente, supportata da un sempre maggiore formazione e aggiornamento del personale preposto.<\/span><\/span><span class=\"LineBreakBlob BlobObject DragDrop SCXW31577608 BCX0\"><span class=\"SCXW31577608 BCX0\">\u00a0<\/span><br class=\"SCXW31577608 BCX0\" \/><\/span><span class=\"TextRun SCXW31577608 BCX0\" lang=\"IT-IT\" xml:lang=\"IT-IT\" data-contrast=\"none\"><span class=\"NormalTextRun SCXW31577608 BCX0\">In questa cornice, sono state migliorate ed affinate alcune delle attivit\u00e0 gi\u00e0 proposte negli scorsi anni (come, ad esempio, i laboratori di esplorazione fotografica, l&#8217;attivit\u00e0 creativo artistica a tema protisti e altre) e ne sono state sviluppate di nuove. In particolare, si mette in evidenza l\u2019avvio di un percorso continuativo di <strong>arteterapia<\/strong> a tema natura e museo, in combinazione con un professionista arteterapeuta e due centri diurni del territorio.<\/span><\/span><span class=\"LineBreakBlob BlobObject DragDrop SCXW31577608 BCX0\"><span class=\"SCXW31577608 BCX0\">\u00a0<\/span><\/span><\/p>\n<p><span class=\"LineBreakBlob BlobObject DragDrop SCXW31577608 BCX0\"><br class=\"SCXW31577608 BCX0\" \/><\/span><span class=\"TextRun SCXW31577608 BCX0\" lang=\"IT-IT\" xml:lang=\"IT-IT\" data-contrast=\"none\"><span class=\"NormalTextRun SCXW31577608 BCX0\">Di seguito l&#8217;archivio nel dettaglio:<\/span><\/span><\/p>\n<h4>Museo in tutti i sensi<\/h4>\n<p>Percorso di visita consigliato come primo incontro con il Museo. Un&#8217;esplorazione attraverso attivit\u00e0 multisensoriali (tatto, olfatto, udito, vista) in varie sale e nel nuovo Giardino del Museo. Le attivit\u00e0 esperienziali si propongono di avvicinare le persone in visita al mondo naturale in modo emozionante e coinvolgente.<\/p>\n<p><img loading=\"lazy\" decoding=\"async\" class=\"wp-image-32081 size-medium aligncenter\" src=\"https:\/\/www.msn.unipi.it\/wp-content\/uploads\/2026\/03\/1_museointutttiisensi25-450x309.png\" alt=\"Gruppo in visita \" width=\"450\" height=\"309\" srcset=\"https:\/\/www.msn.unipi.it\/wp-content\/uploads\/2026\/03\/1_museointutttiisensi25-450x309.png 450w, https:\/\/www.msn.unipi.it\/wp-content\/uploads\/2026\/03\/1_museointutttiisensi25-1024x704.png 1024w, https:\/\/www.msn.unipi.it\/wp-content\/uploads\/2026\/03\/1_museointutttiisensi25-768x528.png 768w, https:\/\/www.msn.unipi.it\/wp-content\/uploads\/2026\/03\/1_museointutttiisensi25-1536x1056.png 1536w, https:\/\/www.msn.unipi.it\/wp-content\/uploads\/2026\/03\/1_museointutttiisensi25.png 2048w\" sizes=\"auto, (max-width: 450px) 100vw, 450px\" \/><\/p>\n<p><span class=\"TextRun SCXW68581879 BCX0\" lang=\"IT-IT\" xml:lang=\"IT-IT\" data-contrast=\"none\"><span class=\"NormalTextRun SCXW68581879 BCX0\">Gruppi partecipanti:<\/span><\/span><span class=\"LineBreakBlob BlobObject DragDrop SCXW68581879 BCX0\"><span class=\"SCXW68581879 BCX0\">\u00a0<\/span><br class=\"SCXW68581879 BCX0\" \/><\/span><span class=\"TextRun SCXW68581879 BCX0\" lang=\"IT-IT\" xml:lang=\"IT-IT\" data-contrast=\"none\"><span class=\"NormalTextRun SCXW68581879 BCX0\">19\/02\/2025 Progetto Super Abile<\/span><\/span><span class=\"LineBreakBlob BlobObject DragDrop SCXW68581879 BCX0\"><span class=\"SCXW68581879 BCX0\">\u00a0<\/span><br class=\"SCXW68581879 BCX0\" \/><\/span><span class=\"TextRun SCXW68581879 BCX0\" lang=\"IT-IT\" xml:lang=\"IT-IT\" data-contrast=\"none\"><span class=\"NormalTextRun SCXW68581879 BCX0\">15\/05\/2025 Associazione Mondo Nuovo<\/span><\/span><span class=\"LineBreakBlob BlobObject DragDrop SCXW68581879 BCX0\"><span class=\"SCXW68581879 BCX0\">\u00a0<\/span><br class=\"SCXW68581879 BCX0\" \/><\/span><span class=\"TextRun SCXW68581879 BCX0\" lang=\"IT-IT\" xml:lang=\"IT-IT\" data-contrast=\"none\"><span class=\"NormalTextRun SCXW68581879 BCX0\">16\/05\/2025 IRSS stella maris<\/span><\/span><span class=\"LineBreakBlob BlobObject DragDrop SCXW68581879 BCX0\"><span class=\"SCXW68581879 BCX0\">\u00a0<\/span><br class=\"SCXW68581879 BCX0\" \/><\/span><span class=\"TextRun SCXW68581879 BCX0\" lang=\"IT-IT\" xml:lang=\"IT-IT\" data-contrast=\"none\"><span class=\"NormalTextRun SCXW68581879 BCX0\">15\/05\/2025 Comunit\u00e0\u00a0<\/span><span class=\"NormalTextRun SCXW68581879 BCX0\">terapeutica\u00a0&#8220;<\/span><span class=\"NormalTextRun SpellingErrorV2Themed SCXW68581879 BCX0\">Andarillo<\/span><span class=\"NormalTextRun SCXW68581879 BCX0\">&#8220;<\/span><\/span><span class=\"LineBreakBlob BlobObject DragDrop SCXW68581879 BCX0\"><span class=\"SCXW68581879 BCX0\">\u00a0<\/span><br class=\"SCXW68581879 BCX0\" \/><\/span><span class=\"TextRun SCXW68581879 BCX0\" lang=\"IT-IT\" xml:lang=\"IT-IT\" data-contrast=\"none\"><span class=\"NormalTextRun SCXW68581879 BCX0\">30\/06\/2025 Associazione Italiana sindrome Down \u2013 Versilia<\/span><\/span><span class=\"LineBreakBlob BlobObject DragDrop SCXW68581879 BCX0\"><span class=\"SCXW68581879 BCX0\">\u00a0<\/span><br class=\"SCXW68581879 BCX0\" \/><\/span><span class=\"TextRun SCXW68581879 BCX0\" lang=\"IT-IT\" xml:lang=\"IT-IT\" data-contrast=\"none\"><span class=\"NormalTextRun SCXW68581879 BCX0\">3\/07\/2025 Associazione Italiana sindrome Down \u2013 Versilia<\/span><\/span><span class=\"LineBreakBlob BlobObject DragDrop SCXW68581879 BCX0\"><span class=\"SCXW68581879 BCX0\">\u00a0<\/span><br class=\"SCXW68581879 BCX0\" \/><\/span><span class=\"TextRun SCXW68581879 BCX0\" lang=\"IT-IT\" xml:lang=\"IT-IT\" data-contrast=\"none\"><span class=\"NormalTextRun SCXW68581879 BCX0\">13\/11\/2025 Centro diurno Peter pan<\/span><\/span><span class=\"LineBreakBlob BlobObject DragDrop SCXW68581879 BCX0\"><span class=\"SCXW68581879 BCX0\">\u00a0<\/span><\/span><\/p>\n<p>&nbsp;<\/p>\n<h4><span data-contrast=\"none\">Fotoesploriamo il museo<\/span><span data-ccp-props=\"{}\">\u00a0<\/span><\/h4>\n<p><span data-contrast=\"none\">Percorso di visita che approccia il Museo a partire da una selezione di tappe fotografiche dei suoi punti pi\u00f9 pittoreschi e significativi. Un\u2019attivit\u00e0 per gruppi che<\/span><i><span data-contrast=\"none\">\u00a0<\/span><\/i><span data-contrast=\"none\">hanno la passione per la fotografia, che hanno percorsi attivi con associazioni di fotografia con cui insieme \u00e8 possibile modulare l\u2019attivit\u00e0, o anche semplicemente per chi vuole immergersi nelle sale del museo con una nuova prospettiva.<\/span><span data-ccp-props=\"{}\">\u00a0<\/span><\/p>\n<p><a href=\"https:\/\/www.msn.unipi.it\/wp-content\/uploads\/2026\/03\/2_Fotoesploriamo-il-museo-25.png\" data-lbwps-width=\"2048\" data-lbwps-height=\"1327\" data-lbwps-srcsmall=\"https:\/\/www.msn.unipi.it\/wp-content\/uploads\/2026\/03\/2_Fotoesploriamo-il-museo-25-450x292.png\"><img loading=\"lazy\" decoding=\"async\" class=\"wp-image-32091 size-medium aligncenter\" src=\"https:\/\/www.msn.unipi.it\/wp-content\/uploads\/2026\/03\/2_Fotoesploriamo-il-museo-25-450x292.png\" alt=\"Gruppo al laboratorio\" width=\"450\" height=\"292\" srcset=\"https:\/\/www.msn.unipi.it\/wp-content\/uploads\/2026\/03\/2_Fotoesploriamo-il-museo-25-450x292.png 450w, https:\/\/www.msn.unipi.it\/wp-content\/uploads\/2026\/03\/2_Fotoesploriamo-il-museo-25-1024x664.png 1024w, https:\/\/www.msn.unipi.it\/wp-content\/uploads\/2026\/03\/2_Fotoesploriamo-il-museo-25-768x498.png 768w, https:\/\/www.msn.unipi.it\/wp-content\/uploads\/2026\/03\/2_Fotoesploriamo-il-museo-25-1536x995.png 1536w, https:\/\/www.msn.unipi.it\/wp-content\/uploads\/2026\/03\/2_Fotoesploriamo-il-museo-25.png 2048w\" sizes=\"auto, (max-width: 450px) 100vw, 450px\" \/><\/a><\/p>\n<p><span class=\"TextRun SCXW177808316 BCX0\" lang=\"IT-IT\" xml:lang=\"IT-IT\" data-contrast=\"none\"><span class=\"NormalTextRun SCXW177808316 BCX0\">Gruppi partecipanti:<\/span><\/span><span class=\"LineBreakBlob BlobObject DragDrop SCXW177808316 BCX0\"><span class=\"SCXW177808316 BCX0\">\u00a0<\/span><br class=\"SCXW177808316 BCX0\" \/><\/span><span class=\"TextRun SCXW177808316 BCX0\" lang=\"IT-IT\" xml:lang=\"IT-IT\" data-contrast=\"none\"><span class=\"NormalTextRun SCXW177808316 BCX0\">07\/07\/2025 Associazione Italiana sindrome Down \u2013\u00a0<\/span><\/span><span class=\"TextRun Underlined SCXW177808316 BCX0\" lang=\"IT-IT\" xml:lang=\"IT-IT\" data-contrast=\"none\"><span class=\"NormalTextRun SCXW177808316 BCX0\">V<\/span><\/span><span class=\"TextRun SCXW177808316 BCX0\" lang=\"IT-IT\" xml:lang=\"IT-IT\" data-contrast=\"none\"><span class=\"NormalTextRun SCXW177808316 BCX0\">ersilia<\/span><\/span><\/p>\n<p>&nbsp;<\/p>\n<h4 aria-level=\"3\"><span data-contrast=\"none\">Benvenuti al museo! Accoglienza e supporto alla visita<\/span><span data-ccp-props=\"{&quot;134245418&quot;:true,&quot;134245529&quot;:true,&quot;335559738&quot;:160,&quot;335559739&quot;:80}\">\u00a0<\/span><\/h4>\n<p><span data-contrast=\"none\">Accoglienza e supporto ai gruppi con disabilit\u00e0 e bisogni specifici arrivati per visitare il Museo in autonomia, senza specifica coprogettazione precedente al momento della visita. Compatibilmente con orari di lavoro o altri impegni gi\u00e0 precedentemente presi della persona designata al supporto, si \u00e8 fornito un servizio di accoglienza, indirizzo e accompagnamento di gruppi, direttamente segnalati dalla biglietteria, incrementando cos\u00ec reti e relazioni sul territorio con associazioni e centri diurni, incentivando contatti per future nuove visite co-progettate a partire dal primo supporto, favorendo la diffusione della conoscenza del progetto \u201c<em>Per tutti e per ciascuno<\/em>\u201d.<\/span><\/p>\n<p><a href=\"https:\/\/www.msn.unipi.it\/wp-content\/uploads\/2026\/03\/3_Benvenuti-al-museo-accoglienza-e-supporto-alla-visita-25.png\" data-lbwps-width=\"1374\" data-lbwps-height=\"1400\" data-lbwps-srcsmall=\"https:\/\/www.msn.unipi.it\/wp-content\/uploads\/2026\/03\/3_Benvenuti-al-museo-accoglienza-e-supporto-alla-visita-25-442x450.png\"><img loading=\"lazy\" decoding=\"async\" class=\"aligncenter wp-image-32094 size-medium\" src=\"https:\/\/www.msn.unipi.it\/wp-content\/uploads\/2026\/03\/3_Benvenuti-al-museo-accoglienza-e-supporto-alla-visita-25-442x450.png\" alt=\"Gruppo in visita Galleria storica\" width=\"442\" height=\"450\" srcset=\"https:\/\/www.msn.unipi.it\/wp-content\/uploads\/2026\/03\/3_Benvenuti-al-museo-accoglienza-e-supporto-alla-visita-25-442x450.png 442w, https:\/\/www.msn.unipi.it\/wp-content\/uploads\/2026\/03\/3_Benvenuti-al-museo-accoglienza-e-supporto-alla-visita-25-785x800.png 785w, https:\/\/www.msn.unipi.it\/wp-content\/uploads\/2026\/03\/3_Benvenuti-al-museo-accoglienza-e-supporto-alla-visita-25-768x783.png 768w, https:\/\/www.msn.unipi.it\/wp-content\/uploads\/2026\/03\/3_Benvenuti-al-museo-accoglienza-e-supporto-alla-visita-25.png 1374w\" sizes=\"auto, (max-width: 442px) 100vw, 442px\" \/><\/a><\/p>\n<p><span data-contrast=\"none\">Gruppi partecipanti:<\/span><br \/>\n<span data-contrast=\"none\">17\/03\/2025\u00a0Tarta-Ruga\u00a0<\/span><span data-contrast=\"none\">M<\/span><span data-contrast=\"none\">ontemurlo<\/span><br \/>\n<span data-contrast=\"none\">03\/03\/2025 Diaconia Valdese<\/span><br \/>\n<span data-contrast=\"none\">7\/05\/2025 Comunit\u00e0 terapeutica psichiatrica &#8220;La rocca&#8221; Pietrasanta<\/span><br \/>\n<span data-contrast=\"none\">23\/05\/2025 IRSS stella maris<\/span><\/p>\n<p>&nbsp;<\/p>\n<h4 aria-level=\"3\"><span data-contrast=\"none\">Percorso di Arteterapia &#8211; <strong>NOVIT\u00c1<\/strong><\/span><strong>\u00a0<\/strong><\/h4>\n<p><span data-contrast=\"none\">Un percorso co-progettato<\/span><span data-contrast=\"none\"> in collaborazione con il personale e le persone partecipanti alle attivit\u00e0 dei centri diurni &#8220;Girasole&#8221; di Cascine di Buti e &#8220;Aquilone&#8221; di Pontedera e la cooperativa sociale &#8220;La Salute&#8221; di Lucca. Seguiti dal maestro d&#8217;arte Alessio Cannova, le persone partecipanti hanno avviato un ciclo di incontri ancora in svolgimento nel 2026 che mettono il museo e i suoi animali al centro del processo creativo e arteterapeutico, immergendole nella suggestiva atmosfera della Certosa e degli animali del bosco nel corso di intense sessioni di pittura di olio su tela. <\/span><span data-ccp-props=\"{&quot;134233117&quot;:false,&quot;134233118&quot;:false,&quot;335557856&quot;:16777215,&quot;335559738&quot;:0,&quot;335559739&quot;:0}\">\u00a0<\/span><\/p>\n<p><a href=\"https:\/\/www.msn.unipi.it\/wp-content\/uploads\/2026\/03\/4_Percorso-di-Arteterapia.png\" data-lbwps-width=\"1404\" data-lbwps-height=\"1338\" data-lbwps-srcsmall=\"https:\/\/www.msn.unipi.it\/wp-content\/uploads\/2026\/03\/4_Percorso-di-Arteterapia-450x429.png\"><img loading=\"lazy\" decoding=\"async\" class=\"aligncenter wp-image-32097 size-medium\" src=\"https:\/\/www.msn.unipi.it\/wp-content\/uploads\/2026\/03\/4_Percorso-di-Arteterapia-450x429.png\" alt=\"Arteterapia\" width=\"450\" height=\"429\" srcset=\"https:\/\/www.msn.unipi.it\/wp-content\/uploads\/2026\/03\/4_Percorso-di-Arteterapia-450x429.png 450w, https:\/\/www.msn.unipi.it\/wp-content\/uploads\/2026\/03\/4_Percorso-di-Arteterapia-839x800.png 839w, https:\/\/www.msn.unipi.it\/wp-content\/uploads\/2026\/03\/4_Percorso-di-Arteterapia-768x732.png 768w, https:\/\/www.msn.unipi.it\/wp-content\/uploads\/2026\/03\/4_Percorso-di-Arteterapia.png 1404w\" sizes=\"auto, (max-width: 450px) 100vw, 450px\" \/><\/a><\/p>\n<p><span data-contrast=\"none\">Gruppi partecipanti:<\/span><br \/>\n<span data-contrast=\"none\">centri diurni &#8220;Girasole&#8221; di Cascine di Buti e &#8220;Aquilone&#8221; di Pontedera<\/span><\/p>\n<h4 aria-level=\"3\"><\/h4>\n<h4 aria-level=\"3\"><span data-contrast=\"none\">Alla scoperta dei dinosauri &#8211; <strong>NOVIT\u00c1<\/strong><\/span><span data-ccp-props=\"{&quot;134245418&quot;:true,&quot;134245529&quot;:true,&quot;335559738&quot;:160,&quot;335559739&quot;:80}\">\u00a0<\/span><\/h4>\n<p><span data-contrast=\"none\">In occasione dell\u2019arrivo della mostra temporanea sui dinosauri viene proposto un percorso mirato alla scoperta e alla conoscenza degli animali pi\u00f9 amati di sempre. Una visita da calibrare su ogni tipo di esigenza (dai pi\u00f9 esperti conoscitori ai pi\u00f9 semplici curiosi) che prevede l\u2019interazione diretta con gli esemplari riprodotti a misura reale presenti nella mostra,\u00a0<\/span><span data-contrast=\"none\">con\u00a0<\/span><span data-contrast=\"none\">la possibilit\u00e0 di un approccio multisensoriale e un\u2019esplorazione delle loro caratteristiche fino ai loro parenti attuali: gli uccelli!<\/span><span data-ccp-props=\"{}\">\u00a0<\/span><\/p>\n<p><a href=\"https:\/\/www.msn.unipi.it\/wp-content\/uploads\/2026\/03\/5_Alla-scoperta-dei-dinosauri.png\" data-lbwps-width=\"1764\" data-lbwps-height=\"1326\" data-lbwps-srcsmall=\"https:\/\/www.msn.unipi.it\/wp-content\/uploads\/2026\/03\/5_Alla-scoperta-dei-dinosauri-450x338.png\"><img loading=\"lazy\" decoding=\"async\" class=\"aligncenter wp-image-32099 size-medium\" src=\"https:\/\/www.msn.unipi.it\/wp-content\/uploads\/2026\/03\/5_Alla-scoperta-dei-dinosauri-450x338.png\" alt=\"Dinosauri\" width=\"450\" height=\"338\" srcset=\"https:\/\/www.msn.unipi.it\/wp-content\/uploads\/2026\/03\/5_Alla-scoperta-dei-dinosauri-450x338.png 450w, https:\/\/www.msn.unipi.it\/wp-content\/uploads\/2026\/03\/5_Alla-scoperta-dei-dinosauri-1024x770.png 1024w, https:\/\/www.msn.unipi.it\/wp-content\/uploads\/2026\/03\/5_Alla-scoperta-dei-dinosauri-768x577.png 768w, https:\/\/www.msn.unipi.it\/wp-content\/uploads\/2026\/03\/5_Alla-scoperta-dei-dinosauri-1536x1155.png 1536w, https:\/\/www.msn.unipi.it\/wp-content\/uploads\/2026\/03\/5_Alla-scoperta-dei-dinosauri.png 1764w\" sizes=\"auto, (max-width: 450px) 100vw, 450px\" \/><\/a><\/p>\n<p><span data-contrast=\"none\">Gruppi partecipanti:<\/span><br \/>\n<span data-contrast=\"none\">20\/03\/2025 L\u2019amico \u00e8 &#8211; Anmic\u00a0<\/span><br \/>\n<span data-contrast=\"none\">09\/06\/2025 Rsa Alfieri \u2013 Lido di Camaiore<\/span><\/p>\n<h4 aria-level=\"3\"><\/h4>\n<h4 aria-level=\"3\"><span data-contrast=\"none\">Artisti del micromondo &#8211; <strong>NOVIT\u00c1<\/strong><\/span><strong>\u00a0<\/strong><\/h4>\n<p><span data-contrast=\"none\">Un\u2019attivit\u00e0 che approccia il lavoro dello scienziato con un\u2019attivit\u00e0 artistica creativa che utilizza gli strumenti da laboratorio per produrre opere fluorescenti e ricche di colori.<\/span><br \/>\n<span data-contrast=\"none\">Il laboratorio prevede una prima introduzione al microscopio e al mondo degli organismi unicellulari (con un momento previsto di osservazione al microscopio) e la produzione artistico creativa con capsule Petri, pipette, tempere fosforescenti e stampi su cartoncini. Un incontro per stimolare l\u2019immaginazione, liberare la creativit\u00e0 e aumentare l&#8217;autostima scoprendo le proprie doti artistiche e la familiarit\u00e0 con il museo usando strumenti tecnici da laboratorio.<\/span><\/p>\n<p><a href=\"https:\/\/www.msn.unipi.it\/wp-content\/uploads\/2026\/03\/6_Artisti-del-micromondo.png\" data-lbwps-width=\"1016\" data-lbwps-height=\"1162\" data-lbwps-srcsmall=\"https:\/\/www.msn.unipi.it\/wp-content\/uploads\/2026\/03\/6_Artisti-del-micromondo-393x450.png\"><img loading=\"lazy\" decoding=\"async\" class=\"aligncenter wp-image-32101 size-medium\" src=\"https:\/\/www.msn.unipi.it\/wp-content\/uploads\/2026\/03\/6_Artisti-del-micromondo-393x450.png\" alt=\"Laboratori artistici\" width=\"393\" height=\"450\" srcset=\"https:\/\/www.msn.unipi.it\/wp-content\/uploads\/2026\/03\/6_Artisti-del-micromondo-393x450.png 393w, https:\/\/www.msn.unipi.it\/wp-content\/uploads\/2026\/03\/6_Artisti-del-micromondo-699x800.png 699w, https:\/\/www.msn.unipi.it\/wp-content\/uploads\/2026\/03\/6_Artisti-del-micromondo-768x878.png 768w, https:\/\/www.msn.unipi.it\/wp-content\/uploads\/2026\/03\/6_Artisti-del-micromondo.png 1016w\" sizes=\"auto, (max-width: 393px) 100vw, 393px\" \/><\/a><\/p>\n<p><span data-contrast=\"none\">Gruppi partecipanti<\/span><br \/>\n<span data-contrast=\"none\">08\/07\/2025 Associazione Italiana sindrome Down \u2013 Versilia<\/span><span data-ccp-props=\"{}\">\u00a0<\/span><\/p>\n","protected":false},"excerpt":{"rendered":"<p>Nel 2025 il Museo ha mantenuto i suoi obiettivi di sviluppo e accrescimento di servizi e attivit\u00e0 in supporto a una sempre maggiore accessibilit\u00e0 e inclusione della sua offerta educativa sia per quanto riguarda le scuole (si veda la pagina dedicata) sia per quanto riguarda il pubblico in generale.\u00a0La coprogettazione di visite e laboratori multimodali&nbsp; <a href=\"https:\/\/www.msn.unipi.it\/it\/benessere-e-inclusione\/per-tutti-e-per-ciascuno\/archivio-di-per-tutti-e-per-ciascuno-2025\/\">&hellip;  <i class=\"fa fa-chevron-right\"><\/i><\/a><\/p>\n","protected":false},"author":25,"featured_media":32131,"parent":30905,"menu_order":0,"comment_status":"closed","ping_status":"closed","template":"","meta":{"footnotes":""},"class_list":["post-32079","page","type-page","status-publish","has-post-thumbnail","hentry"],"yoast_head":"<!-- This site is optimized with the Yoast SEO plugin v26.8 - https:\/\/yoast.com\/product\/yoast-seo-wordpress\/ -->\n<title>Archivio di &quot;Per tutti e per ciascuno&quot; | 2025 - Museo di Storia Naturale dell&#039;Universit\u00e0 di Pisa<\/title>\n<meta name=\"description\" content=\"Nel 2025 il Museo ha mantenuto i suoi obiettivi di sviluppo e accrescimento di servizi e attivit\u00e0 in supporto a una sempre maggiore accessibilit\u00e0 e\" \/>\n<meta name=\"robots\" content=\"index, follow, max-snippet:-1, max-image-preview:large, max-video-preview:-1\" \/>\n<link rel=\"canonical\" href=\"https:\/\/www.msn.unipi.it\/it\/benessere-e-inclusione\/per-tutti-e-per-ciascuno\/archivio-di-per-tutti-e-per-ciascuno-2025\/\" \/>\n<meta property=\"og:locale\" content=\"it_IT\" \/>\n<meta property=\"og:type\" content=\"article\" \/>\n<meta property=\"og:title\" content=\"Archivio di &quot;Per tutti e per ciascuno&quot; | 2025 - Museo di Storia Naturale dell&#039;Universit\u00e0 di Pisa\" \/>\n<meta property=\"og:description\" content=\"Nel 2025 il Museo ha mantenuto i suoi obiettivi di sviluppo e accrescimento di servizi e attivit\u00e0 in supporto a una sempre maggiore accessibilit\u00e0 e\" \/>\n<meta property=\"og:url\" content=\"https:\/\/www.msn.unipi.it\/it\/benessere-e-inclusione\/per-tutti-e-per-ciascuno\/archivio-di-per-tutti-e-per-ciascuno-2025\/\" \/>\n<meta property=\"og:site_name\" content=\"Museo di Storia Naturale dell&#039;Universit\u00e0 di Pisa\" \/>\n<meta property=\"article:publisher\" content=\"https:\/\/www.facebook.com\/Museo-di-Storia-Naturale-Universit%c3%a0-di-Pisa-277794215612108\/\" \/>\n<meta property=\"article:modified_time\" content=\"2026-03-27T13:31:13+00:00\" \/>\n<meta property=\"og:image\" content=\"https:\/\/www.msn.unipi.it\/wp-content\/uploads\/2026\/03\/1.jpg\" \/>\n\t<meta property=\"og:image:width\" content=\"2048\" \/>\n\t<meta property=\"og:image:height\" content=\"1365\" \/>\n\t<meta property=\"og:image:type\" content=\"image\/jpeg\" \/>\n<meta name=\"twitter:card\" content=\"summary_large_image\" \/>\n<meta name=\"twitter:site\" content=\"@msncalci\" \/>\n<meta name=\"twitter:label1\" content=\"Tempo di lettura stimato\" \/>\n\t<meta name=\"twitter:data1\" content=\"6 minuti\" \/>\n<script type=\"application\/ld+json\" class=\"yoast-schema-graph\">{\"@context\":\"https:\/\/schema.org\",\"@graph\":[{\"@type\":\"WebPage\",\"@id\":\"https:\/\/www.msn.unipi.it\/it\/benessere-e-inclusione\/per-tutti-e-per-ciascuno\/archivio-di-per-tutti-e-per-ciascuno-2025\/\",\"url\":\"https:\/\/www.msn.unipi.it\/it\/benessere-e-inclusione\/per-tutti-e-per-ciascuno\/archivio-di-per-tutti-e-per-ciascuno-2025\/\",\"name\":\"Archivio di \\\"Per tutti e per ciascuno\\\" | 2025 - Museo di Storia Naturale dell&#039;Universit\u00e0 di Pisa\",\"isPartOf\":{\"@id\":\"https:\/\/www.msn.unipi.it\/it\/#website\"},\"primaryImageOfPage\":{\"@id\":\"https:\/\/www.msn.unipi.it\/it\/benessere-e-inclusione\/per-tutti-e-per-ciascuno\/archivio-di-per-tutti-e-per-ciascuno-2025\/#primaryimage\"},\"image\":{\"@id\":\"https:\/\/www.msn.unipi.it\/it\/benessere-e-inclusione\/per-tutti-e-per-ciascuno\/archivio-di-per-tutti-e-per-ciascuno-2025\/#primaryimage\"},\"thumbnailUrl\":\"https:\/\/www.msn.unipi.it\/wp-content\/uploads\/2026\/03\/1.jpg\",\"datePublished\":\"2026-03-27T11:14:44+00:00\",\"dateModified\":\"2026-03-27T13:31:13+00:00\",\"description\":\"Nel 2025 il Museo ha mantenuto i suoi obiettivi di sviluppo e accrescimento di servizi e attivit\u00e0 in supporto a una sempre maggiore accessibilit\u00e0 e\",\"breadcrumb\":{\"@id\":\"https:\/\/www.msn.unipi.it\/it\/benessere-e-inclusione\/per-tutti-e-per-ciascuno\/archivio-di-per-tutti-e-per-ciascuno-2025\/#breadcrumb\"},\"inLanguage\":\"it-IT\",\"potentialAction\":[{\"@type\":\"ReadAction\",\"target\":[\"https:\/\/www.msn.unipi.it\/it\/benessere-e-inclusione\/per-tutti-e-per-ciascuno\/archivio-di-per-tutti-e-per-ciascuno-2025\/\"]}]},{\"@type\":\"ImageObject\",\"inLanguage\":\"it-IT\",\"@id\":\"https:\/\/www.msn.unipi.it\/it\/benessere-e-inclusione\/per-tutti-e-per-ciascuno\/archivio-di-per-tutti-e-per-ciascuno-2025\/#primaryimage\",\"url\":\"https:\/\/www.msn.unipi.it\/wp-content\/uploads\/2026\/03\/1.jpg\",\"contentUrl\":\"https:\/\/www.msn.unipi.it\/wp-content\/uploads\/2026\/03\/1.jpg\",\"width\":2048,\"height\":1365},{\"@type\":\"BreadcrumbList\",\"@id\":\"https:\/\/www.msn.unipi.it\/it\/benessere-e-inclusione\/per-tutti-e-per-ciascuno\/archivio-di-per-tutti-e-per-ciascuno-2025\/#breadcrumb\",\"itemListElement\":[{\"@type\":\"ListItem\",\"position\":1,\"name\":\"Home\",\"item\":\"https:\/\/www.msn.unipi.it\/it\/\"},{\"@type\":\"ListItem\",\"position\":2,\"name\":\"Benessere e inclusione\",\"item\":\"https:\/\/www.msn.unipi.it\/it\/benessere-e-inclusione\/\"},{\"@type\":\"ListItem\",\"position\":3,\"name\":\"Per tutti e per ciascuno\",\"item\":\"https:\/\/www.msn.unipi.it\/it\/benessere-e-inclusione\/per-tutti-e-per-ciascuno\/\"},{\"@type\":\"ListItem\",\"position\":4,\"name\":\"Archivio di &#8220;Per tutti e per ciascuno&#8221; | 2025\"}]},{\"@type\":\"WebSite\",\"@id\":\"https:\/\/www.msn.unipi.it\/it\/#website\",\"url\":\"https:\/\/www.msn.unipi.it\/it\/\",\"name\":\"Museo di Storia Naturale dell&#039;Universit\u00e0 di Pisa\",\"description\":\"\",\"publisher\":{\"@id\":\"https:\/\/www.msn.unipi.it\/it\/#organization\"},\"potentialAction\":[{\"@type\":\"SearchAction\",\"target\":{\"@type\":\"EntryPoint\",\"urlTemplate\":\"https:\/\/www.msn.unipi.it\/it\/?s={search_term_string}\"},\"query-input\":{\"@type\":\"PropertyValueSpecification\",\"valueRequired\":true,\"valueName\":\"search_term_string\"}}],\"inLanguage\":\"it-IT\"},{\"@type\":\"Organization\",\"@id\":\"https:\/\/www.msn.unipi.it\/it\/#organization\",\"name\":\"Museo di Storia Naturale dell'Universit\u00e0 di Pisa\",\"url\":\"https:\/\/www.msn.unipi.it\/it\/\",\"logo\":{\"@type\":\"ImageObject\",\"inLanguage\":\"it-IT\",\"@id\":\"https:\/\/www.msn.unipi.it\/it\/#\/schema\/logo\/image\/\",\"url\":\"https:\/\/www.msn.unipi.it\/wp-content\/uploads\/2016\/07\/footer-logo.png\",\"contentUrl\":\"https:\/\/www.msn.unipi.it\/wp-content\/uploads\/2016\/07\/footer-logo.png\",\"width\":220,\"height\":95,\"caption\":\"Museo di Storia Naturale dell'Universit\u00e0 di Pisa\"},\"image\":{\"@id\":\"https:\/\/www.msn.unipi.it\/it\/#\/schema\/logo\/image\/\"},\"sameAs\":[\"https:\/\/www.facebook.com\/Museo-di-Storia-Naturale-Universit\u00e0-di-Pisa-277794215612108\/\",\"https:\/\/x.com\/msncalci\",\"https:\/\/www.instagram.com\/museostorianaturale_calci\/\",\"https:\/\/www.youtube.com\/channel\/UCDaMBe_RegmdCnxLPmryMxw\"]}]}<\/script>\n<!-- \/ Yoast SEO plugin. -->","yoast_head_json":{"title":"Archivio di \"Per tutti e per ciascuno\" | 2025 - Museo di Storia Naturale dell&#039;Universit\u00e0 di Pisa","description":"Nel 2025 il Museo ha mantenuto i suoi obiettivi di sviluppo e accrescimento di servizi e attivit\u00e0 in supporto a una sempre maggiore accessibilit\u00e0 e","robots":{"index":"index","follow":"follow","max-snippet":"max-snippet:-1","max-image-preview":"max-image-preview:large","max-video-preview":"max-video-preview:-1"},"canonical":"https:\/\/www.msn.unipi.it\/it\/benessere-e-inclusione\/per-tutti-e-per-ciascuno\/archivio-di-per-tutti-e-per-ciascuno-2025\/","og_locale":"it_IT","og_type":"article","og_title":"Archivio di \"Per tutti e per ciascuno\" | 2025 - Museo di Storia Naturale dell&#039;Universit\u00e0 di Pisa","og_description":"Nel 2025 il Museo ha mantenuto i suoi obiettivi di sviluppo e accrescimento di servizi e attivit\u00e0 in supporto a una sempre maggiore accessibilit\u00e0 e","og_url":"https:\/\/www.msn.unipi.it\/it\/benessere-e-inclusione\/per-tutti-e-per-ciascuno\/archivio-di-per-tutti-e-per-ciascuno-2025\/","og_site_name":"Museo di Storia Naturale dell&#039;Universit\u00e0 di Pisa","article_publisher":"https:\/\/www.facebook.com\/Museo-di-Storia-Naturale-Universit%c3%a0-di-Pisa-277794215612108\/","article_modified_time":"2026-03-27T13:31:13+00:00","og_image":[{"width":2048,"height":1365,"url":"https:\/\/www.msn.unipi.it\/wp-content\/uploads\/2026\/03\/1.jpg","type":"image\/jpeg"}],"twitter_card":"summary_large_image","twitter_site":"@msncalci","twitter_misc":{"Tempo di lettura stimato":"6 minuti"},"schema":{"@context":"https:\/\/schema.org","@graph":[{"@type":"WebPage","@id":"https:\/\/www.msn.unipi.it\/it\/benessere-e-inclusione\/per-tutti-e-per-ciascuno\/archivio-di-per-tutti-e-per-ciascuno-2025\/","url":"https:\/\/www.msn.unipi.it\/it\/benessere-e-inclusione\/per-tutti-e-per-ciascuno\/archivio-di-per-tutti-e-per-ciascuno-2025\/","name":"Archivio di \"Per tutti e per ciascuno\" | 2025 - Museo di Storia Naturale dell&#039;Universit\u00e0 di Pisa","isPartOf":{"@id":"https:\/\/www.msn.unipi.it\/it\/#website"},"primaryImageOfPage":{"@id":"https:\/\/www.msn.unipi.it\/it\/benessere-e-inclusione\/per-tutti-e-per-ciascuno\/archivio-di-per-tutti-e-per-ciascuno-2025\/#primaryimage"},"image":{"@id":"https:\/\/www.msn.unipi.it\/it\/benessere-e-inclusione\/per-tutti-e-per-ciascuno\/archivio-di-per-tutti-e-per-ciascuno-2025\/#primaryimage"},"thumbnailUrl":"https:\/\/www.msn.unipi.it\/wp-content\/uploads\/2026\/03\/1.jpg","datePublished":"2026-03-27T11:14:44+00:00","dateModified":"2026-03-27T13:31:13+00:00","description":"Nel 2025 il Museo ha mantenuto i suoi obiettivi di sviluppo e accrescimento di servizi e attivit\u00e0 in supporto a una sempre maggiore accessibilit\u00e0 e","breadcrumb":{"@id":"https:\/\/www.msn.unipi.it\/it\/benessere-e-inclusione\/per-tutti-e-per-ciascuno\/archivio-di-per-tutti-e-per-ciascuno-2025\/#breadcrumb"},"inLanguage":"it-IT","potentialAction":[{"@type":"ReadAction","target":["https:\/\/www.msn.unipi.it\/it\/benessere-e-inclusione\/per-tutti-e-per-ciascuno\/archivio-di-per-tutti-e-per-ciascuno-2025\/"]}]},{"@type":"ImageObject","inLanguage":"it-IT","@id":"https:\/\/www.msn.unipi.it\/it\/benessere-e-inclusione\/per-tutti-e-per-ciascuno\/archivio-di-per-tutti-e-per-ciascuno-2025\/#primaryimage","url":"https:\/\/www.msn.unipi.it\/wp-content\/uploads\/2026\/03\/1.jpg","contentUrl":"https:\/\/www.msn.unipi.it\/wp-content\/uploads\/2026\/03\/1.jpg","width":2048,"height":1365},{"@type":"BreadcrumbList","@id":"https:\/\/www.msn.unipi.it\/it\/benessere-e-inclusione\/per-tutti-e-per-ciascuno\/archivio-di-per-tutti-e-per-ciascuno-2025\/#breadcrumb","itemListElement":[{"@type":"ListItem","position":1,"name":"Home","item":"https:\/\/www.msn.unipi.it\/it\/"},{"@type":"ListItem","position":2,"name":"Benessere e inclusione","item":"https:\/\/www.msn.unipi.it\/it\/benessere-e-inclusione\/"},{"@type":"ListItem","position":3,"name":"Per tutti e per ciascuno","item":"https:\/\/www.msn.unipi.it\/it\/benessere-e-inclusione\/per-tutti-e-per-ciascuno\/"},{"@type":"ListItem","position":4,"name":"Archivio di &#8220;Per tutti e per ciascuno&#8221; | 2025"}]},{"@type":"WebSite","@id":"https:\/\/www.msn.unipi.it\/it\/#website","url":"https:\/\/www.msn.unipi.it\/it\/","name":"Museo di Storia Naturale dell&#039;Universit\u00e0 di Pisa","description":"","publisher":{"@id":"https:\/\/www.msn.unipi.it\/it\/#organization"},"potentialAction":[{"@type":"SearchAction","target":{"@type":"EntryPoint","urlTemplate":"https:\/\/www.msn.unipi.it\/it\/?s={search_term_string}"},"query-input":{"@type":"PropertyValueSpecification","valueRequired":true,"valueName":"search_term_string"}}],"inLanguage":"it-IT"},{"@type":"Organization","@id":"https:\/\/www.msn.unipi.it\/it\/#organization","name":"Museo di Storia Naturale dell'Universit\u00e0 di Pisa","url":"https:\/\/www.msn.unipi.it\/it\/","logo":{"@type":"ImageObject","inLanguage":"it-IT","@id":"https:\/\/www.msn.unipi.it\/it\/#\/schema\/logo\/image\/","url":"https:\/\/www.msn.unipi.it\/wp-content\/uploads\/2016\/07\/footer-logo.png","contentUrl":"https:\/\/www.msn.unipi.it\/wp-content\/uploads\/2016\/07\/footer-logo.png","width":220,"height":95,"caption":"Museo di Storia Naturale dell'Universit\u00e0 di Pisa"},"image":{"@id":"https:\/\/www.msn.unipi.it\/it\/#\/schema\/logo\/image\/"},"sameAs":["https:\/\/www.facebook.com\/Museo-di-Storia-Naturale-Universit\u00e0-di-Pisa-277794215612108\/","https:\/\/x.com\/msncalci","https:\/\/www.instagram.com\/museostorianaturale_calci\/","https:\/\/www.youtube.com\/channel\/UCDaMBe_RegmdCnxLPmryMxw"]}]}},"jetpack_sharing_enabled":true,"_links":{"self":[{"href":"https:\/\/www.msn.unipi.it\/it\/wp-json\/wp\/v2\/pages\/32079","targetHints":{"allow":["GET"]}}],"collection":[{"href":"https:\/\/www.msn.unipi.it\/it\/wp-json\/wp\/v2\/pages"}],"about":[{"href":"https:\/\/www.msn.unipi.it\/it\/wp-json\/wp\/v2\/types\/page"}],"author":[{"embeddable":true,"href":"https:\/\/www.msn.unipi.it\/it\/wp-json\/wp\/v2\/users\/25"}],"replies":[{"embeddable":true,"href":"https:\/\/www.msn.unipi.it\/it\/wp-json\/wp\/v2\/comments?post=32079"}],"version-history":[{"count":10,"href":"https:\/\/www.msn.unipi.it\/it\/wp-json\/wp\/v2\/pages\/32079\/revisions"}],"predecessor-version":[{"id":32136,"href":"https:\/\/www.msn.unipi.it\/it\/wp-json\/wp\/v2\/pages\/32079\/revisions\/32136"}],"up":[{"embeddable":true,"href":"https:\/\/www.msn.unipi.it\/it\/wp-json\/wp\/v2\/pages\/30905"}],"wp:featuredmedia":[{"embeddable":true,"href":"https:\/\/www.msn.unipi.it\/it\/wp-json\/wp\/v2\/media\/32131"}],"wp:attachment":[{"href":"https:\/\/www.msn.unipi.it\/it\/wp-json\/wp\/v2\/media?parent=32079"}],"curies":[{"name":"wp","href":"https:\/\/api.w.org\/{rel}","templated":true}]}}