{"id":5474,"date":"2015-05-07T13:46:52","date_gmt":"2015-05-07T11:46:52","guid":{"rendered":"http:\/\/msntest.unipi.it\/?page_id=5474"},"modified":"2022-06-07T13:44:24","modified_gmt":"2022-06-07T11:44:24","slug":"la-natura-tra-le-mani","status":"publish","type":"page","link":"https:\/\/www.msn.unipi.it\/it\/la-natura-tra-le-mani\/","title":{"rendered":"Archivio La natura tra le mani"},"content":{"rendered":"<h3 style=\"text-align: left;\"><span class=\"lightviolet\">Il progetto &#8220;La natura tra le mani&#8221;<\/span><\/h3>\n<p><strong>\u201cLa Natura tra le mani\u201d<\/strong>\u00a0\u00e8 un progetto attivato dal Museo a partire dal 2014, che prevede la realizzazione al Museo di incontri dedicati a persone con Alzheimer e a chi se ne prende cura.<br \/>\nDa anni il Museo persegue una politica di accessibilit\u00e0 e di integrazione sociale, attraverso l\u2019allestimento di sale concepite secondo i criteri dello Universal design, attraverso l\u2019offerta di esperienze tattili per non vedenti e ipovedenti e attraverso la progettazione di percorsi dedicati a speciali tipologie di pubblico.<br \/>\nIn questo progetto i nostri ospiti sono persone speciali che convivono con l\u2019Alzheimer o affette da demenza senile, dove con \u201cdemenza\u201d si indica il graduale declino delle funzioni cognitive superiori e la perdita di autonomia nelle attivit\u00e0 di base del vivere quotidiano.<br \/>\nGli incontri hanno la finalit\u00e0 di offrire contesti per creare nuove modalit\u00e0 per esprimersi e comunicare e per mantenere queste persone nelle trame delle relazioni sociali e culturali. \u00c8 gi\u00e0 dimostrato che l\u2019interazione con l\u2019arte porti una diminuzione dello stress e un miglioramento della qualit\u00e0 delle relazioni e dell\u2019autostima. Siamo convinti che anche il nostro museo possa offrire spunti, luoghi e contesti efficaci per migliorare la qualit\u00e0 della vita di queste persone.<\/p>\n<p><strong><span class=\"lightviolet\">Come \u00e8 nato il progetto<\/span><\/strong><\/p>\n<p>Nel 2013 il Museo ha accolto con entusiasmo l\u2019invito a partecipare al progetto\u00a0<strong>\u201cL\u2019arte tra le mani\u201d<\/strong>, che ha previsto l\u2019attivazione di un corso di formazione presso il Museo Marino Marini di Firenze, con l\u2019obiettivo di creare nei musei diffusi sul territorio percorsi caratterizzati da modalit\u00e0 di approccio adeguate alle persone con Alzheimer e ai loro caregiver.<br \/>\nIl progetto \u00e8 stato sostenuto negli anni 2013, 2014 e 2015 dalla Regione Toscana Settore Musei ed Ecomusei, nell\u2019ambito dei progetti regionali del Piano della Cultura 2012-2015.<\/p>\n<p><strong><span class=\"lightviolet\">Il gruppo di lavoro<\/span><\/strong><\/p>\n<p>Museo Storia Naturale dell\u2019Universit\u00e0 di Pisa<br \/>\nUnit\u00e0 di Neurologia dell\u2019Azienda Ospedaliera Universitaria Pisana<br \/>\nAIMA Pisa<br \/>\nResidenza Sanitaria Assistita \u201cVilla Sorriso\u201d Pontedera (Pi)<br \/>\nResidenza Sanitaria Assistita \u201cSan Giuseppe\u201d Pontedera (Pi)<br \/>\nResidenza Sanitaria Assistita \u201cDr. Giampieri\u201d Ponsacco (Pi)<br \/>\nCentro diurno La Fenice Ghizzano, Peccioli (PI), a partire dal 2016<\/p>\n<p><strong><span class=\"lightviolet\">Gli incontri<\/span><\/strong><\/p>\n<p>La fase di sperimentazione del progetto si \u00e8 svolta tra maggio e ottobre 2014. Dato il successo della sperimentazione, il progetto \u00e8 proseguito anche negli anni successivi ed \u00e8 ancora in corso.<br \/>\nDurante ciascun incontro visitiamo con i nostri ospiti una sala del Museo, osserviamo alcuni reperti scelti e li commentiamo. In seguito, coinvolgiamo gli ospiti in una attivit\u00e0 di Timeslips, con il fondamentale aiuto degli operatori geriatrici e degli psicologi con cui collaboriamo.<br \/>\n<strong>TimeSlips<\/strong> \u00e8 un programma di narrazione creativa ideato da Ann Davis Basting. Questo metodo aiuta le persone affette da demenza a esprimere la propria creativit\u00e0 attraverso la costruzione di storie. Piuttosto che forzarle a ricordare, il programma le stimola a coltivare la propria immaginazione. Durante il processo creativo queste persone riaffermano la propria umanit\u00e0 attraverso le relazioni che stabiliscono con gli operatori, i familiari, gli amici. L\u2019obiettivo \u00e8 incoraggiare l\u2019espressione creativa di coloro che sono affetti da demenza e, allo stesso tempo, far conoscere a un pubblico pi\u00f9 vasto possibile le loro potenzialit\u00e0 creative. Questo restituisce a queste persone la dignit\u00e0 e un ruolo sociale che spesso hanno perduto; contemporaneamente, offre la possibilit\u00e0 di comprendere il loro mondo.<\/p>\n<p style=\"text-align: left;\">Qui potete leggere le storie e le poesie che abbiamo creato in questi anni:<\/p>\n<p>&nbsp;<\/p>\n<p><span class=\"lightviolet\"><strong>2019<\/strong><\/span><\/p>\n<p><a href=\"https:\/\/www.msn.unipi.it\/wp-content\/uploads\/2019\/12\/Alla-scoperta-di-Ughetto.-Progetto-La-Natura-tra-le-mani-2019.pdf\" target=\"_blank\" rel=\"noopener noreferrer\">Alla scoperta di Ughetto. <\/a><\/p>\n<p><a href=\"https:\/\/www.msn.unipi.it\/wp-content\/uploads\/2019\/12\/DINOSAURI-Uno-pi\u00f9-bello-dell-altro.-Progetto-La-Natura-tra-le-mani-2019.pdf\" target=\"_blank\" rel=\"noopener noreferrer\">DINOSAURI Uno pi\u00f9 bello dell altro. <\/a><\/p>\n<p><a href=\"https:\/\/www.msn.unipi.it\/wp-content\/uploads\/2019\/12\/HANNO-FATTO-LA-PACE-E-SI-SONO-MESSI-DACCORDO.-Progetto-La-Natura-tra-le-mani-2019.pdf\" target=\"_blank\" rel=\"noopener noreferrer\">HANNO FATTO LA PACE E SI SONO MESSI D&#8217;ACCORDO. <\/a><\/p>\n<p><a href=\"https:\/\/www.msn.unipi.it\/wp-content\/uploads\/2019\/12\/La-solitudine-che-non-e-sola.-Progetto-La-Natura-tra-le-mani-2019.pdf\" target=\"_blank\" rel=\"noopener noreferrer\">La solitudine che non \u00e8 sola.<\/a><\/p>\n<p><a href=\"https:\/\/www.msn.unipi.it\/wp-content\/uploads\/2019\/12\/Raccontarsi-attraverso-larte.-progetto-La-Natura-tra-le-mani-2019.pdf\" target=\"_blank\" rel=\"noopener noreferrer\">Raccontarsi attraverso l&#8217;arte.<\/a><\/p>\n<p><a href=\"https:\/\/www.msn.unipi.it\/wp-content\/uploads\/2019\/12\/Storia-di-amicizia-e-amore.-progetto-La-Natura-tra-le-mani-2019.pdf\" target=\"_blank\" rel=\"noopener noreferrer\">Storia di amicizia e amore.<\/a><\/p>\n<p><a href=\"https:\/\/www.msn.unipi.it\/wp-content\/uploads\/2019\/12\/VITA-NELLA-FORESTA-CONGOLESE.-progetto-La-Natura-tra-le-mani-2019.pdf\" target=\"_blank\" rel=\"noopener noreferrer\">VITA NELLA FORESTA CONGOLESE<\/a><\/p>\n<p>&nbsp;<\/p>\n<p><span class=\"lightviolet\"><strong>2018<\/strong><\/span><\/p>\n<p><a href=\"https:\/\/www.msn.unipi.it\/wp-content\/uploads\/2018\/12\/Te-non-mi-guardare-17-Settembre-2018-RSA-Ghizzano.pdf\" target=\"_blank\" rel=\"noopener noreferrer\">&#8220;Te non mi guardare&#8221; 17 Settembre 2018 RSA Ghizzano<\/a><\/p>\n<p><a href=\"https:\/\/www.msn.unipi.it\/wp-content\/uploads\/2018\/12\/Passaggio-al-futuro-1-Ottobre-2018-RSA-Orentano.pdf\" target=\"_blank\" rel=\"noopener noreferrer\">&#8220;Passaggio al futuro&#8221; 1 Ottobre 2018 RSA Orentano<\/a><\/p>\n<p><a href=\"https:\/\/www.msn.unipi.it\/wp-content\/uploads\/2018\/12\/Le-meraviglie-degli-animali-3-Ottobre-2018-AIMA-Pisa.pdf\" target=\"_blank\" rel=\"noopener noreferrer\">&#8220;Le meraviglie degli animali&#8221; 3 Ottobre 2018 AIMA Pisa<\/a><\/p>\n<p><a href=\"https:\/\/www.msn.unipi.it\/wp-content\/uploads\/2018\/12\/Libert\u00e0-ai-piedi-9-Ottobre-2018-RSA-Valdera.pdf\" target=\"_blank\" rel=\"noopener noreferrer\">&#8220;Libert\u00e0 ai piedi&#8221; 9 Ottobre 2018 RSA Valdera<\/a><\/p>\n<p><a href=\"https:\/\/www.msn.unipi.it\/wp-content\/uploads\/2018\/12\/Fantasia-in-fondo-al-mare-10-Ottobre-2018-AIMA-Pisa.pdf\" target=\"_blank\" rel=\"noopener noreferrer\">&#8220;Fantasia in fondo al mare&#8221; 10 Ottobre 2018 AIMA Pisa<\/a><\/p>\n<p><a href=\"https:\/\/www.msn.unipi.it\/wp-content\/uploads\/2018\/12\/Alla-caccia-al-cignale-15-Ottobre-2018-RSA-Ghizzano.pdf\" target=\"_blank\" rel=\"noopener noreferrer\">&#8220;Alla caccia al cignale&#8221; 15 Ottobre 2018 RSA Ghizzano<\/a><\/p>\n<p><a href=\"https:\/\/www.msn.unipi.it\/wp-content\/uploads\/2018\/12\/Chi-saccontenta-gode-17-ottobre-2018-RSA-La-Tartaruga-prima-parte.pdf\" target=\"_blank\" rel=\"noopener noreferrer\">&#8220;Chi s&#8217;accontenta gode!&#8221; 17 ottobre 2018 RSA La Tartaruga prima parte<\/a><\/p>\n<p><a href=\"https:\/\/www.msn.unipi.it\/wp-content\/uploads\/2018\/12\/Lontani-dalla-paura-19-Ottobre-2018-RSA-Valdera.pdf\" target=\"_blank\" rel=\"noopener noreferrer\">&#8220;Lontani dalla paura&#8221; 19 Ottobre 2018 RSA Valdera<\/a><\/p>\n<p><a href=\"https:\/\/www.msn.unipi.it\/wp-content\/uploads\/2018\/12\/Bene-in-Vacanza-24-Ottobre-2018-RSA-Lido-di-Camaiore.pdf\" target=\"_blank\" rel=\"noopener noreferrer\">&#8220;Bene in Vacanza&#8221; 24 Ottobre 2018 RSA Lido di Camaiore<\/a><\/p>\n<p><a href=\"https:\/\/www.msn.unipi.it\/wp-content\/uploads\/2018\/12\/Lippopotamo-annoiato-31-ottobre-2018-RSA-La-Tartaruga-seconda-parte.pdf\" target=\"_blank\" rel=\"noopener noreferrer\">&#8220;L&#8217;ippopotamo annoiato&#8221; 31 ottobre 2018 RSA La Tartaruga seconda parte<\/a><\/p>\n<p><a href=\"https:\/\/www.msn.unipi.it\/wp-content\/uploads\/2018\/12\/La-prateria-\u00e8-nostra-7-novembre-2018-RSA-La-Tartaruga-terza-parte.pdf\" target=\"_blank\" rel=\"noopener noreferrer\">&#8220;La prateria \u00e8 nostra!&#8221; 7 novembre 2018 RSA La Tartaruga terza parte<\/a><\/p>\n<p>&nbsp;<\/p>\n<p><strong style=\"color: #9d5468;\">2017<\/strong><\/p>\n<p><a href=\"http:\/\/www.msn.unipi.it\/wp-content\/uploads\/2017\/11\/Tigre-la-tigrona-del-paese.-10-10-2017.pdf\">&#8220;Tigre, la tigrona del paese&#8221; &#8211; RSA Valdera<br \/>\n<\/a><\/p>\n<p>&#8220;<a href=\"http:\/\/www.msn.unipi.it\/wp-content\/uploads\/2017\/11\/I-incontro-Museo-La-Certosa-11-Ott2017-Lunga-vita-agli-animali.pdf\">Lunga vita agli animali&#8221; &#8211; Associazione La Tartaruga<\/a><\/p>\n<p><a href=\"http:\/\/www.msn.unipi.it\/wp-content\/uploads\/2017\/11\/II-incontro-Museo-La-Certosa-18-Ott2017-Lo-spettacolo-del-domatore.pdf\">&#8220;Lo spettacolo del domatore di circo&#8221; &#8211; Associazione La Tartaruga<br \/>\n<\/a><\/p>\n<p><a href=\"http:\/\/www.msn.unipi.it\/wp-content\/uploads\/2017\/12\/Timeslips-20-10-2017-Viaggio-nel-mondo-degli-uccelli.pdf\">&#8220;Beccone, ovvero: Viaggio nel mondo degli uccelli&#8221; &#8211; RSA Valdera<\/a><\/p>\n<p>&nbsp;<\/p>\n<p><strong style=\"color: #9d5468;\">2016<\/strong><\/p>\n<p><a href=\"http:\/\/www.msn.unipi.it\/wp-content\/uploads\/2017\/01\/La-Novella-di-Natale-Timeslips-1_12_16.pdf\">&#8220;La novella di Natale&#8221;- RSA Valdera<br \/>\n<\/a><\/p>\n<p><a href=\"http:\/\/www.msn.unipi.it\/wp-content\/uploads\/2017\/01\/La-lotta-milioni-di-anni-fa-Timeslips-6_10_16.pdf\">&#8220;La lotta&#8230; milioni di anni fa&#8221; &#8211; RSA Valdera<\/a><\/p>\n<p><a href=\"http:\/\/www.msn.unipi.it\/wp-content\/uploads\/2017\/01\/I-pesci-della-mia-infanzia-Timeslips-12_10_16.pdf\">&#8220;I pesci della mia infanzia&#8221;- AIMA Pisa<\/a><\/p>\n<p><a href=\"http:\/\/www.msn.unipi.it\/wp-content\/uploads\/2017\/01\/RGiulietta-e-Romeo-nel-mare-di-Viareggio-Timeslips-24_10_16.pdf\">&#8220;Giulietta e Romeo nel mare di Viareggio&#8221; &#8211; La Fenice Ghizzano<\/a><\/p>\n<p><a href=\"http:\/\/www.msn.unipi.it\/wp-content\/uploads\/2017\/01\/Storie-antiche-Timeslips-28_11_16.pdf\">&#8220;Storie antiche. Il meglio della preistoria&#8221; &#8211; La Fenice Ghizzano<\/a><\/p>\n<p><a href=\"http:\/\/www.msn.unipi.it\/wp-content\/uploads\/2017\/01\/Gioia-Timeslips-20_10_16.pdf\">&#8220;Gioia&#8221;- RSA Valdera<\/a><\/p>\n<p><a href=\"http:\/\/www.msn.unipi.it\/wp-content\/uploads\/2017\/05\/Storia_CertosaAima_17mag17.pdf\">&#8220;Mettici forza&#8221; &#8211; AIMA PIsa<\/a><\/p>\n<p><a href=\"http:\/\/www.msn.unipi.it\/wp-content\/uploads\/2017\/01\/La-conchiglia-gigante-e-forte-Timeslips-26_10_16.pdf\">&#8220;La conchiglia gigante e forte&#8221; &#8211; AIMA Pisa<\/a><\/p>\n<p><a href=\"http:\/\/www.msn.unipi.it\/wp-content\/uploads\/2017\/01\/I-cowboys-nascosti-Timeslips-3_10_2016.pdf\">&#8220;I cowboys nascosti&#8221;- La Fenice Ghizzano<\/a><\/p>\n<p>&nbsp;<\/p>\n<p><strong style=\"color: #9d5468;\">2015<\/strong><\/p>\n<p><a style=\"color: #9d5468; transition-property: all; outline: none;\" href=\"http:\/\/www.msn.unipi.it\/wp-content\/uploads\/2017\/01\/Il-cinghiale-di-nome...-Timeslips-9_10_15.pdf\">&#8220;Il cinghiale di nome&#8230;&#8221; &#8211; RSA Valdera<\/a><\/p>\n<p><a href=\"http:\/\/www.msn.unipi.it\/wp-content\/uploads\/2017\/01\/In-un-mare-di-emozioni-Timeslips-13_10_15.pdf\">&#8220;In un mare di emozioni&#8221; &#8211; AIMA Pisa<\/a><\/p>\n<p><a href=\"http:\/\/www.msn.unipi.it\/wp-content\/uploads\/2017\/01\/Le-emozionanti-storie-di...Timeslips-27_10_15.pdf\">&#8220;Le Emozionanti Storie di Francesco, Annamaria e dei loro Amici. Insieme si Gode e si Mangia&#8221; &#8211; AIMA Pisa<\/a><\/p>\n<p><a href=\"http:\/\/www.msn.unipi.it\/wp-content\/uploads\/2017\/01\/Filastoria-Timeslips-23_10_15.pdf\">&#8220;Filastoria: Si va un po&#8217; troppo nel sarvatico!&#8221; &#8211; RSA Valdera<\/a><\/p>\n<p>&nbsp;<\/p>\n<p><strong style=\"color: #9d5468;\">2014<\/strong><\/p>\n<p><a style=\"color: #9d5468; transition-property: all; outline: none;\" href=\"http:\/\/www.msn.unipi.it\/wp-content\/uploads\/2017\/01\/Amore-e-gelosia-nellantico-Egitto-Timeslips-30_5_14.pdf\">&#8220;Amore e gelosia nell&#8217;antico Egitto&#8221; &#8211; AIMA Pisa<\/a><\/p>\n<p><a style=\"transition-property: all;\" href=\"http:\/\/www.msn.unipi.it\/wp-content\/uploads\/2017\/01\/Pinocchio-in-ginocchio-Timeslips-24_10_14.pdf\">&#8220;Pinocchio in ginocchio&#8221;- RSA Valdera<\/a><\/p>\n<p><a style=\"color: #9d5468; transition-property: all; outline: none;\" href=\"http:\/\/www.msn.unipi.it\/wp-content\/uploads\/2017\/01\/Le-belve-feroci-Timeslips-10_10_14.pdf\">&#8220;Le belve feroci&#8221;- RSA Valdera<\/a><\/p>\n<p><a style=\"color: #9d5468; transition-property: all; outline: none;\" href=\"http:\/\/www.msn.unipi.it\/wp-content\/uploads\/2017\/01\/La-tigre-Carmela-Timeslips-26_9_14.pdf\">&#8220;La tigre Carmela&#8221;- RSA Valdera<\/a><\/p>\n<p><a href=\"http:\/\/www.msn.unipi.it\/wp-content\/uploads\/2017\/01\/Chi-cerca-trova...-anche-un-dinosauro-Timeslips-17_10_14.pdf\">&#8220;Chi cerca trova&#8230; anche un dinosauro&#8221; &#8211; AIMA Pisa<\/a><\/p>\n<p><a href=\"http:\/\/www.msn.unipi.it\/wp-content\/uploads\/2017\/01\/Insieme-a-me-piacciono.-Opere-della-Natura-Timeslips-29_10_2014.pdf\">&#8220;Insieme a me piacciono. Opere della natura&#8221;- AIMA Pisa<\/a><\/p>\n<p>&nbsp;<\/p>\n<hr class=\"clear\" \/>\n<p><strong><span class=\"lightviolet\">Radio Alz<\/span><\/strong><\/p>\n<p>&#8220;Radio Alz: una voce che non ti dimentica&#8221; \u00e8 un progetto pilota co-finanziato da Fondazione Pisa e si articola in 10 puntate in cui Neurologi, Psicologi e altri professionisti insieme a familiari e pazienti parlano della malattia da diversi punti di vista, guidati ad arte da una giornalista professionista e conditi da simpatici sketch di attori pisani. E&#8217; la prima esperienza di questo tipo in Italia, un piccolo segno per dare voce alle persone colpite dalla Malattia di Alzheimer e ai loro caregivers, restituendo significato alle loro storie di vita e sostenendo la famiglia nel suo compito di cura.<br \/>\nCome Museo abbiamo contribuito con il racconto della nostre esperienza nella puntata n. 6 dedicata alle attivit\u00e0 organizzate nell&#8217;ambito delle terapie non farmacologiche.<br \/>\n<a href=\"http:\/\/www.aimapisa.it\/radio-alz.html\">Ascolta le puntate di Radio Alz!<\/a><\/p>\n<hr class=\"clear\" \/>\n<p><strong><span class=\"lightviolet\">Diffusione del progetto<\/span><\/strong><\/p>\n<p>I risultati del progetto sono stati presentati in occasione di tre importanti momenti:<br \/>\nXXIV Congresso ANMS \u201cCONTACT ZONE\u201d. I ruoli dei musei scientifici nella societ\u00e0 contemporanea. Museo di Storia Naturale del Mediterraneo, Livorno. 11-13 novembre 2014.<br \/>\nConvegno Internazionale &#8220;A PI\u00d9 VOCI \u2013 WITH MANY VOICES&#8221;.\u00a0Progetti museali per le persone con Alzheimer e per chi se ne prende cura. Palazzo Strozzi, Firenze. 18 novembre 2014.<br \/>\n&#8220;Le immagini oltre la memoria&#8221;. Confronto su alcune esperienze realizzate per il benessere di persone con Alzheimer e dei loro familiari. Museo di Storia Naturale dell&#8217;Universit\u00e0 di Pisa. 26 settembre 2015.<\/p>\n","protected":false},"excerpt":{"rendered":"<p>Il progetto &#8220;La natura tra le mani&#8221; \u201cLa Natura tra le mani\u201d\u00a0\u00e8 un progetto attivato dal Museo a partire dal 2014, che prevede la realizzazione al Museo di incontri dedicati a persone con Alzheimer e a chi se ne prende cura. Da anni il Museo persegue una politica di accessibilit\u00e0 e di integrazione sociale, attraverso&nbsp; <a href=\"https:\/\/www.msn.unipi.it\/it\/la-natura-tra-le-mani\/\">&hellip;  <i class=\"fa fa-chevron-right\"><\/i><\/a><\/p>\n","protected":false},"author":1,"featured_media":7525,"parent":0,"menu_order":0,"comment_status":"closed","ping_status":"closed","template":"","meta":{"footnotes":""},"class_list":["post-5474","page","type-page","status-publish","has-post-thumbnail","hentry"],"yoast_head":"<!-- This site is optimized with the Yoast SEO plugin v26.8 - https:\/\/yoast.com\/product\/yoast-seo-wordpress\/ -->\n<title>Archivio La natura tra le mani - Museo di Storia Naturale dell&#039;Universit\u00e0 di Pisa<\/title>\n<meta name=\"description\" content=\"Il progetto &quot;La natura tra le mani&quot; \u201cLa Natura tra le mani\u201d\u00a0\u00e8 un progetto attivato dal Museo a partire dal 2014, che prevede la realizzazione al Museo di\" \/>\n<meta name=\"robots\" content=\"index, follow, max-snippet:-1, max-image-preview:large, max-video-preview:-1\" \/>\n<link rel=\"canonical\" href=\"https:\/\/www.msn.unipi.it\/it\/la-natura-tra-le-mani\/\" \/>\n<meta property=\"og:locale\" content=\"it_IT\" \/>\n<meta property=\"og:type\" content=\"article\" \/>\n<meta property=\"og:title\" content=\"Archivio La natura tra le mani - Museo di Storia Naturale dell&#039;Universit\u00e0 di Pisa\" \/>\n<meta property=\"og:description\" content=\"Il progetto &quot;La natura tra le mani&quot; \u201cLa Natura tra le mani\u201d\u00a0\u00e8 un progetto attivato dal Museo a partire dal 2014, che prevede la realizzazione al Museo di\" \/>\n<meta property=\"og:url\" content=\"https:\/\/www.msn.unipi.it\/it\/la-natura-tra-le-mani\/\" \/>\n<meta property=\"og:site_name\" content=\"Museo di Storia Naturale dell&#039;Universit\u00e0 di Pisa\" \/>\n<meta property=\"article:publisher\" content=\"https:\/\/www.facebook.com\/Museo-di-Storia-Naturale-Universit%c3%a0-di-Pisa-277794215612108\/\" \/>\n<meta property=\"article:modified_time\" content=\"2022-06-07T11:44:24+00:00\" \/>\n<meta property=\"og:image\" content=\"https:\/\/www.msn.unipi.it\/wp-content\/uploads\/2011\/04\/madreporaTG.jpg\" \/>\n\t<meta property=\"og:image:width\" content=\"2048\" \/>\n\t<meta property=\"og:image:height\" content=\"342\" \/>\n\t<meta property=\"og:image:type\" content=\"image\/jpeg\" \/>\n<meta name=\"twitter:card\" content=\"summary_large_image\" \/>\n<meta name=\"twitter:site\" content=\"@msncalci\" \/>\n<meta name=\"twitter:label1\" content=\"Tempo di lettura stimato\" \/>\n\t<meta name=\"twitter:data1\" content=\"6 minuti\" \/>\n<script type=\"application\/ld+json\" class=\"yoast-schema-graph\">{\"@context\":\"https:\/\/schema.org\",\"@graph\":[{\"@type\":\"WebPage\",\"@id\":\"https:\/\/www.msn.unipi.it\/it\/la-natura-tra-le-mani\/\",\"url\":\"https:\/\/www.msn.unipi.it\/it\/la-natura-tra-le-mani\/\",\"name\":\"Archivio La natura tra le mani - Museo di Storia Naturale dell&#039;Universit\u00e0 di Pisa\",\"isPartOf\":{\"@id\":\"https:\/\/www.msn.unipi.it\/it\/#website\"},\"primaryImageOfPage\":{\"@id\":\"https:\/\/www.msn.unipi.it\/it\/la-natura-tra-le-mani\/#primaryimage\"},\"image\":{\"@id\":\"https:\/\/www.msn.unipi.it\/it\/la-natura-tra-le-mani\/#primaryimage\"},\"thumbnailUrl\":\"https:\/\/www.msn.unipi.it\/wp-content\/uploads\/2011\/04\/madreporaTG.jpg\",\"datePublished\":\"2015-05-07T11:46:52+00:00\",\"dateModified\":\"2022-06-07T11:44:24+00:00\",\"description\":\"Il progetto \\\"La natura tra le mani\\\" \u201cLa Natura tra le mani\u201d\u00a0\u00e8 un progetto attivato dal Museo a partire dal 2014, che prevede la realizzazione al Museo di\",\"breadcrumb\":{\"@id\":\"https:\/\/www.msn.unipi.it\/it\/la-natura-tra-le-mani\/#breadcrumb\"},\"inLanguage\":\"it-IT\",\"potentialAction\":[{\"@type\":\"ReadAction\",\"target\":[\"https:\/\/www.msn.unipi.it\/it\/la-natura-tra-le-mani\/\"]}]},{\"@type\":\"ImageObject\",\"inLanguage\":\"it-IT\",\"@id\":\"https:\/\/www.msn.unipi.it\/it\/la-natura-tra-le-mani\/#primaryimage\",\"url\":\"https:\/\/www.msn.unipi.it\/wp-content\/uploads\/2011\/04\/madreporaTG.jpg\",\"contentUrl\":\"https:\/\/www.msn.unipi.it\/wp-content\/uploads\/2011\/04\/madreporaTG.jpg\",\"width\":2048,\"height\":342},{\"@type\":\"BreadcrumbList\",\"@id\":\"https:\/\/www.msn.unipi.it\/it\/la-natura-tra-le-mani\/#breadcrumb\",\"itemListElement\":[{\"@type\":\"ListItem\",\"position\":1,\"name\":\"Home\",\"item\":\"https:\/\/www.msn.unipi.it\/it\/\"},{\"@type\":\"ListItem\",\"position\":2,\"name\":\"Archivio La natura tra le mani\"}]},{\"@type\":\"WebSite\",\"@id\":\"https:\/\/www.msn.unipi.it\/it\/#website\",\"url\":\"https:\/\/www.msn.unipi.it\/it\/\",\"name\":\"Museo di Storia Naturale dell&#039;Universit\u00e0 di Pisa\",\"description\":\"\",\"publisher\":{\"@id\":\"https:\/\/www.msn.unipi.it\/it\/#organization\"},\"potentialAction\":[{\"@type\":\"SearchAction\",\"target\":{\"@type\":\"EntryPoint\",\"urlTemplate\":\"https:\/\/www.msn.unipi.it\/it\/?s={search_term_string}\"},\"query-input\":{\"@type\":\"PropertyValueSpecification\",\"valueRequired\":true,\"valueName\":\"search_term_string\"}}],\"inLanguage\":\"it-IT\"},{\"@type\":\"Organization\",\"@id\":\"https:\/\/www.msn.unipi.it\/it\/#organization\",\"name\":\"Museo di Storia Naturale dell'Universit\u00e0 di Pisa\",\"url\":\"https:\/\/www.msn.unipi.it\/it\/\",\"logo\":{\"@type\":\"ImageObject\",\"inLanguage\":\"it-IT\",\"@id\":\"https:\/\/www.msn.unipi.it\/it\/#\/schema\/logo\/image\/\",\"url\":\"https:\/\/www.msn.unipi.it\/wp-content\/uploads\/2016\/07\/footer-logo.png\",\"contentUrl\":\"https:\/\/www.msn.unipi.it\/wp-content\/uploads\/2016\/07\/footer-logo.png\",\"width\":220,\"height\":95,\"caption\":\"Museo di Storia Naturale dell'Universit\u00e0 di Pisa\"},\"image\":{\"@id\":\"https:\/\/www.msn.unipi.it\/it\/#\/schema\/logo\/image\/\"},\"sameAs\":[\"https:\/\/www.facebook.com\/Museo-di-Storia-Naturale-Universit\u00e0-di-Pisa-277794215612108\/\",\"https:\/\/x.com\/msncalci\",\"https:\/\/www.instagram.com\/museostorianaturale_calci\/\",\"https:\/\/www.youtube.com\/channel\/UCDaMBe_RegmdCnxLPmryMxw\"]}]}<\/script>\n<!-- \/ Yoast SEO plugin. -->","yoast_head_json":{"title":"Archivio La natura tra le mani - Museo di Storia Naturale dell&#039;Universit\u00e0 di Pisa","description":"Il progetto \"La natura tra le mani\" \u201cLa Natura tra le mani\u201d\u00a0\u00e8 un progetto attivato dal Museo a partire dal 2014, che prevede la realizzazione al Museo di","robots":{"index":"index","follow":"follow","max-snippet":"max-snippet:-1","max-image-preview":"max-image-preview:large","max-video-preview":"max-video-preview:-1"},"canonical":"https:\/\/www.msn.unipi.it\/it\/la-natura-tra-le-mani\/","og_locale":"it_IT","og_type":"article","og_title":"Archivio La natura tra le mani - Museo di Storia Naturale dell&#039;Universit\u00e0 di Pisa","og_description":"Il progetto \"La natura tra le mani\" \u201cLa Natura tra le mani\u201d\u00a0\u00e8 un progetto attivato dal Museo a partire dal 2014, che prevede la realizzazione al Museo di","og_url":"https:\/\/www.msn.unipi.it\/it\/la-natura-tra-le-mani\/","og_site_name":"Museo di Storia Naturale dell&#039;Universit\u00e0 di Pisa","article_publisher":"https:\/\/www.facebook.com\/Museo-di-Storia-Naturale-Universit%c3%a0-di-Pisa-277794215612108\/","article_modified_time":"2022-06-07T11:44:24+00:00","og_image":[{"width":2048,"height":342,"url":"https:\/\/www.msn.unipi.it\/wp-content\/uploads\/2011\/04\/madreporaTG.jpg","type":"image\/jpeg"}],"twitter_card":"summary_large_image","twitter_site":"@msncalci","twitter_misc":{"Tempo di lettura stimato":"6 minuti"},"schema":{"@context":"https:\/\/schema.org","@graph":[{"@type":"WebPage","@id":"https:\/\/www.msn.unipi.it\/it\/la-natura-tra-le-mani\/","url":"https:\/\/www.msn.unipi.it\/it\/la-natura-tra-le-mani\/","name":"Archivio La natura tra le mani - Museo di Storia Naturale dell&#039;Universit\u00e0 di Pisa","isPartOf":{"@id":"https:\/\/www.msn.unipi.it\/it\/#website"},"primaryImageOfPage":{"@id":"https:\/\/www.msn.unipi.it\/it\/la-natura-tra-le-mani\/#primaryimage"},"image":{"@id":"https:\/\/www.msn.unipi.it\/it\/la-natura-tra-le-mani\/#primaryimage"},"thumbnailUrl":"https:\/\/www.msn.unipi.it\/wp-content\/uploads\/2011\/04\/madreporaTG.jpg","datePublished":"2015-05-07T11:46:52+00:00","dateModified":"2022-06-07T11:44:24+00:00","description":"Il progetto \"La natura tra le mani\" \u201cLa Natura tra le mani\u201d\u00a0\u00e8 un progetto attivato dal Museo a partire dal 2014, che prevede la realizzazione al Museo di","breadcrumb":{"@id":"https:\/\/www.msn.unipi.it\/it\/la-natura-tra-le-mani\/#breadcrumb"},"inLanguage":"it-IT","potentialAction":[{"@type":"ReadAction","target":["https:\/\/www.msn.unipi.it\/it\/la-natura-tra-le-mani\/"]}]},{"@type":"ImageObject","inLanguage":"it-IT","@id":"https:\/\/www.msn.unipi.it\/it\/la-natura-tra-le-mani\/#primaryimage","url":"https:\/\/www.msn.unipi.it\/wp-content\/uploads\/2011\/04\/madreporaTG.jpg","contentUrl":"https:\/\/www.msn.unipi.it\/wp-content\/uploads\/2011\/04\/madreporaTG.jpg","width":2048,"height":342},{"@type":"BreadcrumbList","@id":"https:\/\/www.msn.unipi.it\/it\/la-natura-tra-le-mani\/#breadcrumb","itemListElement":[{"@type":"ListItem","position":1,"name":"Home","item":"https:\/\/www.msn.unipi.it\/it\/"},{"@type":"ListItem","position":2,"name":"Archivio La natura tra le mani"}]},{"@type":"WebSite","@id":"https:\/\/www.msn.unipi.it\/it\/#website","url":"https:\/\/www.msn.unipi.it\/it\/","name":"Museo di Storia Naturale dell&#039;Universit\u00e0 di Pisa","description":"","publisher":{"@id":"https:\/\/www.msn.unipi.it\/it\/#organization"},"potentialAction":[{"@type":"SearchAction","target":{"@type":"EntryPoint","urlTemplate":"https:\/\/www.msn.unipi.it\/it\/?s={search_term_string}"},"query-input":{"@type":"PropertyValueSpecification","valueRequired":true,"valueName":"search_term_string"}}],"inLanguage":"it-IT"},{"@type":"Organization","@id":"https:\/\/www.msn.unipi.it\/it\/#organization","name":"Museo di Storia Naturale dell'Universit\u00e0 di Pisa","url":"https:\/\/www.msn.unipi.it\/it\/","logo":{"@type":"ImageObject","inLanguage":"it-IT","@id":"https:\/\/www.msn.unipi.it\/it\/#\/schema\/logo\/image\/","url":"https:\/\/www.msn.unipi.it\/wp-content\/uploads\/2016\/07\/footer-logo.png","contentUrl":"https:\/\/www.msn.unipi.it\/wp-content\/uploads\/2016\/07\/footer-logo.png","width":220,"height":95,"caption":"Museo di Storia Naturale dell'Universit\u00e0 di Pisa"},"image":{"@id":"https:\/\/www.msn.unipi.it\/it\/#\/schema\/logo\/image\/"},"sameAs":["https:\/\/www.facebook.com\/Museo-di-Storia-Naturale-Universit\u00e0-di-Pisa-277794215612108\/","https:\/\/x.com\/msncalci","https:\/\/www.instagram.com\/museostorianaturale_calci\/","https:\/\/www.youtube.com\/channel\/UCDaMBe_RegmdCnxLPmryMxw"]}]}},"jetpack_sharing_enabled":true,"_links":{"self":[{"href":"https:\/\/www.msn.unipi.it\/it\/wp-json\/wp\/v2\/pages\/5474","targetHints":{"allow":["GET"]}}],"collection":[{"href":"https:\/\/www.msn.unipi.it\/it\/wp-json\/wp\/v2\/pages"}],"about":[{"href":"https:\/\/www.msn.unipi.it\/it\/wp-json\/wp\/v2\/types\/page"}],"author":[{"embeddable":true,"href":"https:\/\/www.msn.unipi.it\/it\/wp-json\/wp\/v2\/users\/1"}],"replies":[{"embeddable":true,"href":"https:\/\/www.msn.unipi.it\/it\/wp-json\/wp\/v2\/comments?post=5474"}],"version-history":[{"count":11,"href":"https:\/\/www.msn.unipi.it\/it\/wp-json\/wp\/v2\/pages\/5474\/revisions"}],"predecessor-version":[{"id":24068,"href":"https:\/\/www.msn.unipi.it\/it\/wp-json\/wp\/v2\/pages\/5474\/revisions\/24068"}],"wp:featuredmedia":[{"embeddable":true,"href":"https:\/\/www.msn.unipi.it\/it\/wp-json\/wp\/v2\/media\/7525"}],"wp:attachment":[{"href":"https:\/\/www.msn.unipi.it\/it\/wp-json\/wp\/v2\/media?parent=5474"}],"curies":[{"name":"wp","href":"https:\/\/api.w.org\/{rel}","templated":true}]}}